{"id":3923,"date":"2025-11-26T16:47:10","date_gmt":"2025-11-26T16:47:10","guid":{"rendered":"https:\/\/mandalaquimbaya.org\/?page_id=3923"},"modified":"2025-11-27T00:30:35","modified_gmt":"2025-11-27T00:30:35","slug":"parcela-escuela","status":"publish","type":"page","link":"https:\/\/mandalaquimbaya.org\/index.php\/parcela-escuela\/","title":{"rendered":"Parcela Escuela"},"content":{"rendered":"\t\t<div data-elementor-type=\"wp-page\" data-elementor-id=\"3923\" class=\"elementor elementor-3923\" data-elementor-post-type=\"page\">\n\t\t\t\t<div class=\"elementor-element elementor-element-c01fa5e e-con-full e-flex e-con e-parent\" data-id=\"c01fa5e\" data-element_type=\"container\" data-settings=\"{&quot;background_background&quot;:&quot;classic&quot;}\">\n\t\t<div class=\"elementor-element elementor-element-2c33849 e-flex e-con-boxed e-con e-child\" data-id=\"2c33849\" data-element_type=\"container\">\n\t\t\t\t\t<div class=\"e-con-inner\">\n\t\t\t\t<div class=\"elementor-element elementor-element-ca7e7a4 elementor-widget elementor-widget-heading\" data-id=\"ca7e7a4\" data-element_type=\"widget\" data-widget_type=\"heading.default\">\n\t\t\t\t<div class=\"elementor-widget-container\">\n\t\t\t\t\t<h2 class=\"elementor-heading-title elementor-size-default\">Parcela Escuela<\/h2>\t\t\t\t<\/div>\n\t\t\t\t<\/div>\n\t\t\t\t<div class=\"elementor-element elementor-element-5b8a7cf elementor-widget elementor-widget-text-editor\" data-id=\"5b8a7cf\" data-element_type=\"widget\" data-widget_type=\"text-editor.default\">\n\t\t\t\t<div class=\"elementor-widget-container\">\n\t\t\t\t\t\t\t\t\t<p><strong>APRENDIZAJE PARA LA TRANSICI\u00d3N AGROECOL\u00d3GICA RURAL Y CLIM\u00c1TICA<\/strong><\/p><p><strong>A\u00f1o de ejecuci\u00f3n:<\/strong><br \/>2023\u20132024<\/p>\t\t\t\t\t\t\t\t<\/div>\n\t\t\t\t<\/div>\n\t\t\t\t<div class=\"elementor-element elementor-element-e0d18fb elementor-widget elementor-widget-button\" data-id=\"e0d18fb\" data-element_type=\"widget\" data-widget_type=\"button.default\">\n\t\t\t\t<div class=\"elementor-widget-container\">\n\t\t\t\t\t\t\t\t\t<div class=\"elementor-button-wrapper\">\n\t\t\t\t\t<a class=\"elementor-button elementor-button-link elementor-size-sm\" href=\"https:\/\/mandalaquimbaya.org\/index.php\/proyectos\/\">\n\t\t\t\t\t\t<span class=\"elementor-button-content-wrapper\">\n\t\t\t\t\t\t\t\t\t<span class=\"elementor-button-text\">Ir a Proyectos<\/span>\n\t\t\t\t\t<\/span>\n\t\t\t\t\t<\/a>\n\t\t\t\t<\/div>\n\t\t\t\t\t\t\t\t<\/div>\n\t\t\t\t<\/div>\n\t\t\t\t\t<\/div>\n\t\t\t\t<\/div>\n\t\t<div class=\"elementor-element elementor-element-1c739de e-flex e-con-boxed e-con e-child\" data-id=\"1c739de\" data-element_type=\"container\">\n\t\t\t\t\t<div class=\"e-con-inner\">\n\t\t\t\t<div class=\"elementor-element elementor-element-5ad007e elementor-widget elementor-widget-image\" data-id=\"5ad007e\" data-element_type=\"widget\" data-widget_type=\"image.default\">\n\t\t\t\t<div class=\"elementor-widget-container\">\n\t\t\t\t\t\t\t\t\t\t\t\t\t\t\t<img fetchpriority=\"high\" decoding=\"async\" width=\"867\" height=\"895\" src=\"https:\/\/mandalaquimbaya.org\/wp-content\/uploads\/2025\/11\/Parcela-PNG-2.png\" class=\"attachment-large size-large wp-image-4131\" alt=\"\" srcset=\"https:\/\/mandalaquimbaya.org\/wp-content\/uploads\/2025\/11\/Parcela-PNG-2.png 867w, https:\/\/mandalaquimbaya.org\/wp-content\/uploads\/2025\/11\/Parcela-PNG-2-291x300.png 291w, https:\/\/mandalaquimbaya.org\/wp-content\/uploads\/2025\/11\/Parcela-PNG-2-768x793.png 768w\" sizes=\"(max-width: 867px) 100vw, 867px\" \/>\t\t\t\t\t\t\t\t\t\t\t\t\t\t\t<\/div>\n\t\t\t\t<\/div>\n\t\t\t\t\t<\/div>\n\t\t\t\t<\/div>\n\t\t\t\t<\/div>\n\t\t<div class=\"elementor-element elementor-element-a6a5103 e-flex e-con-boxed e-con e-parent\" data-id=\"a6a5103\" data-element_type=\"container\" data-settings=\"{&quot;background_background&quot;:&quot;classic&quot;}\">\n\t\t\t\t\t<div class=\"e-con-inner\">\n\t\t<div class=\"elementor-element elementor-element-48eb488 e-con-full e-flex e-con e-child\" data-id=\"48eb488\" data-element_type=\"container\">\n\t\t\t\t<div class=\"elementor-element elementor-element-f371cc4 elementor-widget elementor-widget-image\" data-id=\"f371cc4\" data-element_type=\"widget\" data-widget_type=\"image.default\">\n\t\t\t\t<div class=\"elementor-widget-container\">\n\t\t\t\t\t\t\t\t\t\t\t\t\t\t\t<img decoding=\"async\" width=\"800\" height=\"600\" src=\"https:\/\/mandalaquimbaya.org\/wp-content\/uploads\/2025\/11\/foto-001.jpg\" class=\"attachment-large size-large wp-image-4041\" alt=\"\" srcset=\"https:\/\/mandalaquimbaya.org\/wp-content\/uploads\/2025\/11\/foto-001.jpg 800w, https:\/\/mandalaquimbaya.org\/wp-content\/uploads\/2025\/11\/foto-001-300x225.jpg 300w, https:\/\/mandalaquimbaya.org\/wp-content\/uploads\/2025\/11\/foto-001-768x576.jpg 768w\" sizes=\"(max-width: 800px) 100vw, 800px\" \/>\t\t\t\t\t\t\t\t\t\t\t\t\t\t\t<\/div>\n\t\t\t\t<\/div>\n\t\t\t\t<\/div>\n\t\t<div class=\"elementor-element elementor-element-3eae29a e-con-full e-flex e-con e-child\" data-id=\"3eae29a\" data-element_type=\"container\">\n\t\t\t\t<div class=\"elementor-element elementor-element-286c25a elementor-widget elementor-widget-text-editor\" data-id=\"286c25a\" data-element_type=\"widget\" data-widget_type=\"text-editor.default\">\n\t\t\t\t<div class=\"elementor-widget-container\">\n\t\t\t\t\t\t\t\t\t<p><strong>Proyecto apoyado por:<\/strong><br \/>Fundaci\u00f3n Bol\u00edvar Davivienda \u2013 Programa Aflora<br \/>Corporaci\u00f3n Mandala Quimbaya<\/p><p><strong>Valor ejecutado:<\/strong><br \/>$30.000.000 COP<\/p><p><strong>Parcela Escuela<\/strong> es una escuela viva de campo ubicada en la vereda Pueblo Rico (Quimbaya), donde la comunidad rural pr\u00e1ctica, aprende y fortalece capacidades para transitar hacia la agroecolog\u00eda y adaptarse al cambio clim\u00e1tico.<\/p><p>El proyecto transforma la Finca La Alsacia en un escenario formativo donde <strong>las familias rurales<\/strong>, estudiantes, sabedores tradicionales y docentes experimentan juntos procesos de diversificaci\u00f3n, conservaci\u00f3n del suelo, manejo del agua y producci\u00f3n sostenible.<\/p><p>A trav\u00e9s de talleres pr\u00e1cticos, intercambio de saberes y acompa\u00f1amiento t\u00e9cnico, Parcela Escuela se consolida como un <strong>modelo comunitario de transici\u00f3n agroecol\u00f3gica y clim\u00e1tica<\/strong>, que integra tradici\u00f3n, ciencia y organizaci\u00f3n local para construir un territorio m\u00e1s aut\u00f3nomo, resiliente y consciente de su potencial de cambio.<\/p>\t\t\t\t\t\t\t\t<\/div>\n\t\t\t\t<\/div>\n\t\t\t\t<\/div>\n\t\t\t\t\t<\/div>\n\t\t\t\t<\/div>\n\t\t<div class=\"elementor-element elementor-element-b1e95b0 e-con-full e-flex e-con e-parent\" data-id=\"b1e95b0\" data-element_type=\"container\" data-settings=\"{&quot;background_background&quot;:&quot;classic&quot;}\">\n\t\t<div class=\"elementor-element elementor-element-66a538c e-con-full e-flex e-con e-child\" data-id=\"66a538c\" data-element_type=\"container\" data-settings=\"{&quot;background_background&quot;:&quot;classic&quot;}\">\n\t\t\t\t<div class=\"elementor-element elementor-element-ef47807 elementor-widget elementor-widget-heading\" data-id=\"ef47807\" data-element_type=\"widget\" data-widget_type=\"heading.default\">\n\t\t\t\t<div class=\"elementor-widget-container\">\n\t\t\t\t\t<h2 class=\"elementor-heading-title elementor-size-default\">Objetivo general<\/h2>\t\t\t\t<\/div>\n\t\t\t\t<\/div>\n\t\t\t\t<div class=\"elementor-element elementor-element-fa7fcce elementor-widget elementor-widget-text-editor\" data-id=\"fa7fcce\" data-element_type=\"widget\" data-widget_type=\"text-editor.default\">\n\t\t\t\t<div class=\"elementor-widget-container\">\n\t\t\t\t\t\t\t\t\t<p style=\"text-align: center;\">Fortalecer las capacidades productivas, ambientales y comunitarias de las familias rurales mediante procesos de formaci\u00f3n agroecol\u00f3gica y estrategias de resiliencia clim\u00e1tica que promuevan la autonom\u00eda alimentaria, el cuidado del territorio y la transici\u00f3n agroecol\u00f3gica.<\/p>\t\t\t\t\t\t\t\t<\/div>\n\t\t\t\t<\/div>\n\t\t\t\t<\/div>\n\t\t<div class=\"elementor-element elementor-element-38df4a5 e-con-full e-flex e-con e-child\" data-id=\"38df4a5\" data-element_type=\"container\">\n\t\t<div class=\"elementor-element elementor-element-bb5a8af e-grid e-con-full e-con e-child\" data-id=\"bb5a8af\" data-element_type=\"container\">\n\t\t\t\t<div class=\"elementor-element elementor-element-b4b9606 elementor-widget elementor-widget-text-editor\" data-id=\"b4b9606\" data-element_type=\"widget\" data-widget_type=\"text-editor.default\">\n\t\t\t\t<div class=\"elementor-widget-container\">\n\t\t\t\t\t\t\t\t\t<h2 style=\"text-align: center;\"><span style=\"color: #ffffff;\"><strong>Impactos del proyecto<\/strong><\/span><\/h2><p>\u00a0<\/p>\t\t\t\t\t\t\t\t<\/div>\n\t\t\t\t<\/div>\n\t\t\t\t<div class=\"elementor-element elementor-element-d9e8ebe elementor-widget elementor-widget-n-accordion\" data-id=\"d9e8ebe\" data-element_type=\"widget\" data-settings=\"{&quot;default_state&quot;:&quot;all_collapsed&quot;,&quot;max_items_expended&quot;:&quot;one&quot;,&quot;n_accordion_animation_duration&quot;:{&quot;unit&quot;:&quot;ms&quot;,&quot;size&quot;:400,&quot;sizes&quot;:[]}}\" data-widget_type=\"nested-accordion.default\">\n\t\t\t\t<div class=\"elementor-widget-container\">\n\t\t\t\t\t\t\t<div class=\"e-n-accordion\" aria-label=\"Accordion. Open links with Enter or Space, close with Escape, and navigate with Arrow Keys\">\n\t\t\t\t\t\t<details id=\"e-n-accordion-item-2280\" class=\"e-n-accordion-item\" >\n\t\t\t\t<summary class=\"e-n-accordion-item-title\" data-accordion-index=\"1\" tabindex=\"0\" aria-expanded=\"false\" aria-controls=\"e-n-accordion-item-2280\" >\n\t\t\t\t\t<span class='e-n-accordion-item-title-header'><div class=\"e-n-accordion-item-title-text\"> Sociales y comunitarios <\/div><\/span>\n\t\t\t\t\t\t\t<span class='e-n-accordion-item-title-icon'>\n\t\t\t<span class='e-opened' ><svg aria-hidden=\"true\" class=\"e-font-icon-svg e-fas-minus-circle\" viewBox=\"0 0 512 512\" xmlns=\"http:\/\/www.w3.org\/2000\/svg\"><path d=\"M256 8C119 8 8 119 8 256s111 248 248 248 248-111 248-248S393 8 256 8zM124 296c-6.6 0-12-5.4-12-12v-56c0-6.6 5.4-12 12-12h264c6.6 0 12 5.4 12 12v56c0 6.6-5.4 12-12 12H124z\"><\/path><\/svg><\/span>\n\t\t\t<span class='e-closed'><svg aria-hidden=\"true\" class=\"e-font-icon-svg e-fas-play-circle\" viewBox=\"0 0 512 512\" xmlns=\"http:\/\/www.w3.org\/2000\/svg\"><path d=\"M256 8C119 8 8 119 8 256s111 248 248 248 248-111 248-248S393 8 256 8zm115.7 272l-176 101c-15.8 8.8-35.7-2.5-35.7-21V152c0-18.4 19.8-29.8 35.7-21l176 107c16.4 9.2 16.4 32.9 0 42z\"><\/path><\/svg><\/span>\n\t\t<\/span>\n\n\t\t\t\t\t\t<\/summary>\n\t\t\t\t<div role=\"region\" aria-labelledby=\"e-n-accordion-item-2280\" class=\"elementor-element elementor-element-59740ce e-con-full e-flex e-con e-child\" data-id=\"59740ce\" data-element_type=\"container\">\n\t\t\t\t<div class=\"elementor-element elementor-element-4544e18 elementor-widget elementor-widget-text-editor\" data-id=\"4544e18\" data-element_type=\"widget\" data-widget_type=\"text-editor.default\">\n\t\t\t\t<div class=\"elementor-widget-container\">\n\t\t\t\t\t\t\t\t\t<ul><li><span style=\"color: #ffffff;\">Creaci\u00f3n de una red de aprendizaje entre familias, sabedores, docentes y j\u00f3venes rurales.<\/span><\/li><li><span style=\"color: #ffffff;\">Recuperaci\u00f3n de pr\u00e1cticas agr\u00edcolas tradicionales y fortalecimiento del tejido social.<\/span><\/li><\/ul>\t\t\t\t\t\t\t\t<\/div>\n\t\t\t\t<\/div>\n\t\t\t\t<\/div>\n\t\t\t\t\t<\/details>\n\t\t\t\t\t\t<details id=\"e-n-accordion-item-2281\" class=\"e-n-accordion-item\" >\n\t\t\t\t<summary class=\"e-n-accordion-item-title\" data-accordion-index=\"2\" tabindex=\"-1\" aria-expanded=\"false\" aria-controls=\"e-n-accordion-item-2281\" >\n\t\t\t\t\t<span class='e-n-accordion-item-title-header'><div class=\"e-n-accordion-item-title-text\"> Ambientales <\/div><\/span>\n\t\t\t\t\t\t\t<span class='e-n-accordion-item-title-icon'>\n\t\t\t<span class='e-opened' ><svg aria-hidden=\"true\" class=\"e-font-icon-svg e-fas-minus-circle\" viewBox=\"0 0 512 512\" xmlns=\"http:\/\/www.w3.org\/2000\/svg\"><path d=\"M256 8C119 8 8 119 8 256s111 248 248 248 248-111 248-248S393 8 256 8zM124 296c-6.6 0-12-5.4-12-12v-56c0-6.6 5.4-12 12-12h264c6.6 0 12 5.4 12 12v56c0 6.6-5.4 12-12 12H124z\"><\/path><\/svg><\/span>\n\t\t\t<span class='e-closed'><svg aria-hidden=\"true\" class=\"e-font-icon-svg e-fas-play-circle\" viewBox=\"0 0 512 512\" xmlns=\"http:\/\/www.w3.org\/2000\/svg\"><path d=\"M256 8C119 8 8 119 8 256s111 248 248 248 248-111 248-248S393 8 256 8zm115.7 272l-176 101c-15.8 8.8-35.7-2.5-35.7-21V152c0-18.4 19.8-29.8 35.7-21l176 107c16.4 9.2 16.4 32.9 0 42z\"><\/path><\/svg><\/span>\n\t\t<\/span>\n\n\t\t\t\t\t\t<\/summary>\n\t\t\t\t<div role=\"region\" aria-labelledby=\"e-n-accordion-item-2281\" class=\"elementor-element elementor-element-72d304d e-con-full e-flex e-con e-child\" data-id=\"72d304d\" data-element_type=\"container\">\n\t\t\t\t<div class=\"elementor-element elementor-element-aa70df3 elementor-widget elementor-widget-text-editor\" data-id=\"aa70df3\" data-element_type=\"widget\" data-widget_type=\"text-editor.default\">\n\t\t\t\t<div class=\"elementor-widget-container\">\n\t\t\t\t\t\t\t\t\t<ul><li>Incremento en la salud del suelo y disminuci\u00f3n del uso de insumos qu\u00edmicos.<\/li><li>Mayor adopci\u00f3n de bioinsumos y pr\u00e1cticas de manejo agroecol\u00f3gico.<\/li><\/ul>\t\t\t\t\t\t\t\t<\/div>\n\t\t\t\t<\/div>\n\t\t\t\t<\/div>\n\t\t\t\t\t<\/details>\n\t\t\t\t\t\t<details id=\"e-n-accordion-item-2282\" class=\"e-n-accordion-item\" >\n\t\t\t\t<summary class=\"e-n-accordion-item-title\" data-accordion-index=\"3\" tabindex=\"-1\" aria-expanded=\"false\" aria-controls=\"e-n-accordion-item-2282\" >\n\t\t\t\t\t<span class='e-n-accordion-item-title-header'><div class=\"e-n-accordion-item-title-text\"> Productivos y alimentarios <\/div><\/span>\n\t\t\t\t\t\t\t<span class='e-n-accordion-item-title-icon'>\n\t\t\t<span class='e-opened' ><svg aria-hidden=\"true\" class=\"e-font-icon-svg e-fas-minus-circle\" viewBox=\"0 0 512 512\" xmlns=\"http:\/\/www.w3.org\/2000\/svg\"><path d=\"M256 8C119 8 8 119 8 256s111 248 248 248 248-111 248-248S393 8 256 8zM124 296c-6.6 0-12-5.4-12-12v-56c0-6.6 5.4-12 12-12h264c6.6 0 12 5.4 12 12v56c0 6.6-5.4 12-12 12H124z\"><\/path><\/svg><\/span>\n\t\t\t<span class='e-closed'><svg aria-hidden=\"true\" class=\"e-font-icon-svg e-fas-play-circle\" viewBox=\"0 0 512 512\" xmlns=\"http:\/\/www.w3.org\/2000\/svg\"><path d=\"M256 8C119 8 8 119 8 256s111 248 248 248 248-111 248-248S393 8 256 8zm115.7 272l-176 101c-15.8 8.8-35.7-2.5-35.7-21V152c0-18.4 19.8-29.8 35.7-21l176 107c16.4 9.2 16.4 32.9 0 42z\"><\/path><\/svg><\/span>\n\t\t<\/span>\n\n\t\t\t\t\t\t<\/summary>\n\t\t\t\t<div role=\"region\" aria-labelledby=\"e-n-accordion-item-2282\" class=\"elementor-element elementor-element-4afc0d2 e-con-full e-flex e-con e-child\" data-id=\"4afc0d2\" data-element_type=\"container\">\n\t\t\t\t<div class=\"elementor-element elementor-element-e56b2a0 elementor-widget elementor-widget-text-editor\" data-id=\"e56b2a0\" data-element_type=\"widget\" data-widget_type=\"text-editor.default\">\n\t\t\t\t<div class=\"elementor-widget-container\">\n\t\t\t\t\t\t\t\t\t<ul><li><strong>50% de las familias<\/strong> mejor\u00f3 su autonom\u00eda alimentaria mediante diversificaci\u00f3n productiva.<\/li><li>Incremento en la producci\u00f3n variada para consumo familiar y peque\u00f1os intercambios.<\/li><\/ul>\t\t\t\t\t\t\t\t<\/div>\n\t\t\t\t<\/div>\n\t\t\t\t<\/div>\n\t\t\t\t\t<\/details>\n\t\t\t\t\t\t<details id=\"e-n-accordion-item-2283\" class=\"e-n-accordion-item\" >\n\t\t\t\t<summary class=\"e-n-accordion-item-title\" data-accordion-index=\"4\" tabindex=\"-1\" aria-expanded=\"false\" aria-controls=\"e-n-accordion-item-2283\" >\n\t\t\t\t\t<span class='e-n-accordion-item-title-header'><div class=\"e-n-accordion-item-title-text\"> Resiliencia clim\u00e1tica <\/div><\/span>\n\t\t\t\t\t\t\t<span class='e-n-accordion-item-title-icon'>\n\t\t\t<span class='e-opened' ><svg aria-hidden=\"true\" class=\"e-font-icon-svg e-fas-minus-circle\" viewBox=\"0 0 512 512\" xmlns=\"http:\/\/www.w3.org\/2000\/svg\"><path d=\"M256 8C119 8 8 119 8 256s111 248 248 248 248-111 248-248S393 8 256 8zM124 296c-6.6 0-12-5.4-12-12v-56c0-6.6 5.4-12 12-12h264c6.6 0 12 5.4 12 12v56c0 6.6-5.4 12-12 12H124z\"><\/path><\/svg><\/span>\n\t\t\t<span class='e-closed'><svg aria-hidden=\"true\" class=\"e-font-icon-svg e-fas-play-circle\" viewBox=\"0 0 512 512\" xmlns=\"http:\/\/www.w3.org\/2000\/svg\"><path d=\"M256 8C119 8 8 119 8 256s111 248 248 248 248-111 248-248S393 8 256 8zm115.7 272l-176 101c-15.8 8.8-35.7-2.5-35.7-21V152c0-18.4 19.8-29.8 35.7-21l176 107c16.4 9.2 16.4 32.9 0 42z\"><\/path><\/svg><\/span>\n\t\t<\/span>\n\n\t\t\t\t\t\t<\/summary>\n\t\t\t\t<div role=\"region\" aria-labelledby=\"e-n-accordion-item-2283\" class=\"elementor-element elementor-element-af6a500 e-con-full e-flex e-con e-child\" data-id=\"af6a500\" data-element_type=\"container\">\n\t\t\t\t<div class=\"elementor-element elementor-element-bca835e elementor-widget elementor-widget-text-editor\" data-id=\"bca835e\" data-element_type=\"widget\" data-widget_type=\"text-editor.default\">\n\t\t\t\t<div class=\"elementor-widget-container\">\n\t\t\t\t\t\t\t\t\t<ul><li><strong>70% de los participantes<\/strong> adopt\u00f3 pr\u00e1cticas m\u00e1s adecuadas frente a variabilidad clim\u00e1tica.<\/li><li>Instalaci\u00f3n de t\u00e9cnicas de conservaci\u00f3n del suelo y agua en las parcelas.<\/li><\/ul>\t\t\t\t\t\t\t\t<\/div>\n\t\t\t\t<\/div>\n\t\t\t\t<\/div>\n\t\t\t\t\t<\/details>\n\t\t\t\t\t\t<details id=\"e-n-accordion-item-2284\" class=\"e-n-accordion-item\" >\n\t\t\t\t<summary class=\"e-n-accordion-item-title\" data-accordion-index=\"5\" tabindex=\"-1\" aria-expanded=\"false\" aria-controls=\"e-n-accordion-item-2284\" >\n\t\t\t\t\t<span class='e-n-accordion-item-title-header'><div class=\"e-n-accordion-item-title-text\"> Educativos <\/div><\/span>\n\t\t\t\t\t\t\t<span class='e-n-accordion-item-title-icon'>\n\t\t\t<span class='e-opened' ><svg aria-hidden=\"true\" class=\"e-font-icon-svg e-fas-minus-circle\" viewBox=\"0 0 512 512\" xmlns=\"http:\/\/www.w3.org\/2000\/svg\"><path d=\"M256 8C119 8 8 119 8 256s111 248 248 248 248-111 248-248S393 8 256 8zM124 296c-6.6 0-12-5.4-12-12v-56c0-6.6 5.4-12 12-12h264c6.6 0 12 5.4 12 12v56c0 6.6-5.4 12-12 12H124z\"><\/path><\/svg><\/span>\n\t\t\t<span class='e-closed'><svg aria-hidden=\"true\" class=\"e-font-icon-svg e-fas-play-circle\" viewBox=\"0 0 512 512\" xmlns=\"http:\/\/www.w3.org\/2000\/svg\"><path d=\"M256 8C119 8 8 119 8 256s111 248 248 248 248-111 248-248S393 8 256 8zm115.7 272l-176 101c-15.8 8.8-35.7-2.5-35.7-21V152c0-18.4 19.8-29.8 35.7-21l176 107c16.4 9.2 16.4 32.9 0 42z\"><\/path><\/svg><\/span>\n\t\t<\/span>\n\n\t\t\t\t\t\t<\/summary>\n\t\t\t\t<div role=\"region\" aria-labelledby=\"e-n-accordion-item-2284\" class=\"elementor-element elementor-element-02e1282 e-con-full e-flex e-con e-child\" data-id=\"02e1282\" data-element_type=\"container\">\n\t\t\t\t<div class=\"elementor-element elementor-element-4e37b3e elementor-widget elementor-widget-text-editor\" data-id=\"4e37b3e\" data-element_type=\"widget\" data-widget_type=\"text-editor.default\">\n\t\t\t\t<div class=\"elementor-widget-container\">\n\t\t\t\t\t\t\t\t\t<ul><li><strong>80% de los participantes<\/strong> aument\u00f3 su conocimiento agroecol\u00f3gico.<\/li><li>Una instituci\u00f3n educativa se vincula al modelo Parcela Escuela a sus actividades formativas.<\/li><\/ul>\t\t\t\t\t\t\t\t<\/div>\n\t\t\t\t<\/div>\n\t\t\t\t<\/div>\n\t\t\t\t\t<\/details>\n\t\t\t\t\t<\/div>\n\t\t\t\t\t\t<\/div>\n\t\t\t\t<\/div>\n\t\t\t\t<\/div>\n\t\t\t\t<\/div>\n\t\t\t\t<\/div>\n\t\t<div class=\"elementor-element elementor-element-6d782c1 e-flex e-con-boxed e-con e-parent\" data-id=\"6d782c1\" data-element_type=\"container\">\n\t\t\t\t\t<div class=\"e-con-inner\">\n\t\t\t\t<div class=\"elementor-element elementor-element-9ebbe35 elementor-widget elementor-widget-heading\" data-id=\"9ebbe35\" data-element_type=\"widget\" data-widget_type=\"heading.default\">\n\t\t\t\t<div class=\"elementor-widget-container\">\n\t\t\t\t\t<h2 class=\"elementor-heading-title elementor-size-default\"> Componentes del proyecto<\/h2>\t\t\t\t<\/div>\n\t\t\t\t<\/div>\n\t\t\t\t\t<\/div>\n\t\t\t\t<\/div>\n\t\t<div class=\"elementor-element elementor-element-fc80191 e-flex e-con-boxed e-con e-parent\" data-id=\"fc80191\" data-element_type=\"container\">\n\t\t\t\t\t<div class=\"e-con-inner\">\n\t\t<div class=\"elementor-element elementor-element-71256de e-con-full e-flex e-con e-child\" data-id=\"71256de\" data-element_type=\"container\">\n\t\t\t\t<div class=\"elementor-element elementor-element-d1ca4ca elementor-widget elementor-widget-n-accordion\" data-id=\"d1ca4ca\" data-element_type=\"widget\" data-settings=\"{&quot;default_state&quot;:&quot;all_collapsed&quot;,&quot;max_items_expended&quot;:&quot;one&quot;,&quot;n_accordion_animation_duration&quot;:{&quot;unit&quot;:&quot;ms&quot;,&quot;size&quot;:400,&quot;sizes&quot;:[]}}\" data-widget_type=\"nested-accordion.default\">\n\t\t\t\t<div class=\"elementor-widget-container\">\n\t\t\t\t\t\t\t<div class=\"e-n-accordion\" aria-label=\"Accordion. Open links with Enter or Space, close with Escape, and navigate with Arrow Keys\">\n\t\t\t\t\t\t<details id=\"e-n-accordion-item-2190\" class=\"e-n-accordion-item\" >\n\t\t\t\t<summary class=\"e-n-accordion-item-title\" data-accordion-index=\"1\" tabindex=\"0\" aria-expanded=\"false\" aria-controls=\"e-n-accordion-item-2190\" >\n\t\t\t\t\t<span class='e-n-accordion-item-title-header'><div class=\"e-n-accordion-item-title-text\"> Investigaci\u00f3n\u2013Acci\u00f3n\u2013Participaci\u00f3n (IAP) <\/div><\/span>\n\t\t\t\t\t\t\t<span class='e-n-accordion-item-title-icon'>\n\t\t\t<span class='e-opened' ><svg aria-hidden=\"true\" class=\"e-font-icon-svg e-fas-minus-circle\" viewBox=\"0 0 512 512\" xmlns=\"http:\/\/www.w3.org\/2000\/svg\"><path d=\"M256 8C119 8 8 119 8 256s111 248 248 248 248-111 248-248S393 8 256 8zM124 296c-6.6 0-12-5.4-12-12v-56c0-6.6 5.4-12 12-12h264c6.6 0 12 5.4 12 12v56c0 6.6-5.4 12-12 12H124z\"><\/path><\/svg><\/span>\n\t\t\t<span class='e-closed'><svg aria-hidden=\"true\" class=\"e-font-icon-svg e-fas-play-circle\" viewBox=\"0 0 512 512\" xmlns=\"http:\/\/www.w3.org\/2000\/svg\"><path d=\"M256 8C119 8 8 119 8 256s111 248 248 248 248-111 248-248S393 8 256 8zm115.7 272l-176 101c-15.8 8.8-35.7-2.5-35.7-21V152c0-18.4 19.8-29.8 35.7-21l176 107c16.4 9.2 16.4 32.9 0 42z\"><\/path><\/svg><\/span>\n\t\t<\/span>\n\n\t\t\t\t\t\t<\/summary>\n\t\t\t\t<div role=\"region\" aria-labelledby=\"e-n-accordion-item-2190\" class=\"elementor-element elementor-element-b89eff9 e-con-full e-flex e-con e-child\" data-id=\"b89eff9\" data-element_type=\"container\">\n\t\t\t\t<div class=\"elementor-element elementor-element-55c7967 elementor-widget elementor-widget-text-editor\" data-id=\"55c7967\" data-element_type=\"widget\" data-widget_type=\"text-editor.default\">\n\t\t\t\t<div class=\"elementor-widget-container\">\n\t\t\t\t\t\t\t\t\t<ul><li>Diagn\u00f3stico del territorio y an\u00e1lisis del suelo con cromatograf\u00eda biol\u00f3gica.<\/li><li>Reconocimiento de sistemas productivos familiares y pr\u00e1cticas tradicionales.<\/li><li>Construcci\u00f3n de l\u00edneas base territorial para evaluaci\u00f3n de cambios.<\/li><\/ul>\t\t\t\t\t\t\t\t<\/div>\n\t\t\t\t<\/div>\n\t\t\t\t<\/div>\n\t\t\t\t\t<\/details>\n\t\t\t\t\t\t<details id=\"e-n-accordion-item-2191\" class=\"e-n-accordion-item\" >\n\t\t\t\t<summary class=\"e-n-accordion-item-title\" data-accordion-index=\"2\" tabindex=\"-1\" aria-expanded=\"false\" aria-controls=\"e-n-accordion-item-2191\" >\n\t\t\t\t\t<span class='e-n-accordion-item-title-header'><div class=\"e-n-accordion-item-title-text\"> Formaci\u00f3n agroecol\u00f3gica y acompa\u00f1amiento t\u00e9cnico <\/div><\/span>\n\t\t\t\t\t\t\t<span class='e-n-accordion-item-title-icon'>\n\t\t\t<span class='e-opened' ><svg aria-hidden=\"true\" class=\"e-font-icon-svg e-fas-minus-circle\" viewBox=\"0 0 512 512\" xmlns=\"http:\/\/www.w3.org\/2000\/svg\"><path d=\"M256 8C119 8 8 119 8 256s111 248 248 248 248-111 248-248S393 8 256 8zM124 296c-6.6 0-12-5.4-12-12v-56c0-6.6 5.4-12 12-12h264c6.6 0 12 5.4 12 12v56c0 6.6-5.4 12-12 12H124z\"><\/path><\/svg><\/span>\n\t\t\t<span class='e-closed'><svg aria-hidden=\"true\" class=\"e-font-icon-svg e-fas-play-circle\" viewBox=\"0 0 512 512\" xmlns=\"http:\/\/www.w3.org\/2000\/svg\"><path d=\"M256 8C119 8 8 119 8 256s111 248 248 248 248-111 248-248S393 8 256 8zm115.7 272l-176 101c-15.8 8.8-35.7-2.5-35.7-21V152c0-18.4 19.8-29.8 35.7-21l176 107c16.4 9.2 16.4 32.9 0 42z\"><\/path><\/svg><\/span>\n\t\t<\/span>\n\n\t\t\t\t\t\t<\/summary>\n\t\t\t\t<div role=\"region\" aria-labelledby=\"e-n-accordion-item-2191\" class=\"elementor-element elementor-element-8ab0bcc e-con-full e-flex e-con e-child\" data-id=\"8ab0bcc\" data-element_type=\"container\">\n\t\t\t\t<div class=\"elementor-element elementor-element-52f2ab1 elementor-widget elementor-widget-text-editor\" data-id=\"52f2ab1\" data-element_type=\"widget\" data-widget_type=\"text-editor.default\">\n\t\t\t\t<div class=\"elementor-widget-container\">\n\t\t\t\t\t\t\t\t\t<ul><li>Talleres sobre manejo ecol\u00f3gico del suelo, semillas nativas, bioinsumos, diversificaci\u00f3n productiva y adaptaci\u00f3n clim\u00e1tica.<\/li><li>Asesor\u00edas personalizadas a familias.<\/li><\/ul>\t\t\t\t\t\t\t\t<\/div>\n\t\t\t\t<\/div>\n\t\t\t\t<\/div>\n\t\t\t\t\t<\/details>\n\t\t\t\t\t\t<details id=\"e-n-accordion-item-2192\" class=\"e-n-accordion-item\" >\n\t\t\t\t<summary class=\"e-n-accordion-item-title\" data-accordion-index=\"3\" tabindex=\"-1\" aria-expanded=\"false\" aria-controls=\"e-n-accordion-item-2192\" >\n\t\t\t\t\t<span class='e-n-accordion-item-title-header'><div class=\"e-n-accordion-item-title-text\"> Parcela Escuela como aula viva <\/div><\/span>\n\t\t\t\t\t\t\t<span class='e-n-accordion-item-title-icon'>\n\t\t\t<span class='e-opened' ><svg aria-hidden=\"true\" class=\"e-font-icon-svg e-fas-minus-circle\" viewBox=\"0 0 512 512\" xmlns=\"http:\/\/www.w3.org\/2000\/svg\"><path d=\"M256 8C119 8 8 119 8 256s111 248 248 248 248-111 248-248S393 8 256 8zM124 296c-6.6 0-12-5.4-12-12v-56c0-6.6 5.4-12 12-12h264c6.6 0 12 5.4 12 12v56c0 6.6-5.4 12-12 12H124z\"><\/path><\/svg><\/span>\n\t\t\t<span class='e-closed'><svg aria-hidden=\"true\" class=\"e-font-icon-svg e-fas-play-circle\" viewBox=\"0 0 512 512\" xmlns=\"http:\/\/www.w3.org\/2000\/svg\"><path d=\"M256 8C119 8 8 119 8 256s111 248 248 248 248-111 248-248S393 8 256 8zm115.7 272l-176 101c-15.8 8.8-35.7-2.5-35.7-21V152c0-18.4 19.8-29.8 35.7-21l176 107c16.4 9.2 16.4 32.9 0 42z\"><\/path><\/svg><\/span>\n\t\t<\/span>\n\n\t\t\t\t\t\t<\/summary>\n\t\t\t\t<div role=\"region\" aria-labelledby=\"e-n-accordion-item-2192\" class=\"elementor-element elementor-element-662fdb7 e-con-full e-flex e-con e-child\" data-id=\"662fdb7\" data-element_type=\"container\">\n\t\t\t\t<div class=\"elementor-element elementor-element-c212dbe elementor-widget elementor-widget-text-editor\" data-id=\"c212dbe\" data-element_type=\"widget\" data-widget_type=\"text-editor.default\">\n\t\t\t\t<div class=\"elementor-widget-container\">\n\t\t\t\t\t\t\t\t\t<ul><li>Implementaci\u00f3n de una parcela demostrativa en la Finca La Alsacia.<\/li><li>Pr\u00e1cticas formativas de campo, experimentaci\u00f3n y aprendizajes colaborativos.<\/li><li>Visitas educativas de instituciones rurales.<\/li><\/ul>\t\t\t\t\t\t\t\t<\/div>\n\t\t\t\t<\/div>\n\t\t\t\t<\/div>\n\t\t\t\t\t<\/details>\n\t\t\t\t\t\t<details id=\"e-n-accordion-item-2193\" class=\"e-n-accordion-item\" >\n\t\t\t\t<summary class=\"e-n-accordion-item-title\" data-accordion-index=\"4\" tabindex=\"-1\" aria-expanded=\"false\" aria-controls=\"e-n-accordion-item-2193\" >\n\t\t\t\t\t<span class='e-n-accordion-item-title-header'><div class=\"e-n-accordion-item-title-text\"> Adaptaci\u00f3n al cambio clim\u00e1tico y manejo ecosist\u00e9mico <\/div><\/span>\n\t\t\t\t\t\t\t<span class='e-n-accordion-item-title-icon'>\n\t\t\t<span class='e-opened' ><svg aria-hidden=\"true\" class=\"e-font-icon-svg e-fas-minus-circle\" viewBox=\"0 0 512 512\" xmlns=\"http:\/\/www.w3.org\/2000\/svg\"><path d=\"M256 8C119 8 8 119 8 256s111 248 248 248 248-111 248-248S393 8 256 8zM124 296c-6.6 0-12-5.4-12-12v-56c0-6.6 5.4-12 12-12h264c6.6 0 12 5.4 12 12v56c0 6.6-5.4 12-12 12H124z\"><\/path><\/svg><\/span>\n\t\t\t<span class='e-closed'><svg aria-hidden=\"true\" class=\"e-font-icon-svg e-fas-play-circle\" viewBox=\"0 0 512 512\" xmlns=\"http:\/\/www.w3.org\/2000\/svg\"><path d=\"M256 8C119 8 8 119 8 256s111 248 248 248 248-111 248-248S393 8 256 8zm115.7 272l-176 101c-15.8 8.8-35.7-2.5-35.7-21V152c0-18.4 19.8-29.8 35.7-21l176 107c16.4 9.2 16.4 32.9 0 42z\"><\/path><\/svg><\/span>\n\t\t<\/span>\n\n\t\t\t\t\t\t<\/summary>\n\t\t\t\t<div role=\"region\" aria-labelledby=\"e-n-accordion-item-2193\" class=\"elementor-element elementor-element-1810f77 e-con-full e-flex e-con e-child\" data-id=\"1810f77\" data-element_type=\"container\">\n\t\t\t\t<div class=\"elementor-element elementor-element-25cdeff elementor-widget elementor-widget-text-editor\" data-id=\"25cdeff\" data-element_type=\"widget\" data-widget_type=\"text-editor.default\">\n\t\t\t\t<div class=\"elementor-widget-container\">\n\t\t\t\t\t\t\t\t\t<ul><li>Estrategias de conservaci\u00f3n del suelo y del agua.<\/li><li>Cambios de h\u00e1bitos productivos y pr\u00e1cticas para la resiliencia clim\u00e1tica.<\/li><\/ul>\t\t\t\t\t\t\t\t<\/div>\n\t\t\t\t<\/div>\n\t\t\t\t<\/div>\n\t\t\t\t\t<\/details>\n\t\t\t\t\t\t<details id=\"e-n-accordion-item-2194\" class=\"e-n-accordion-item\" >\n\t\t\t\t<summary class=\"e-n-accordion-item-title\" data-accordion-index=\"5\" tabindex=\"-1\" aria-expanded=\"false\" aria-controls=\"e-n-accordion-item-2194\" >\n\t\t\t\t\t<span class='e-n-accordion-item-title-header'><div class=\"e-n-accordion-item-title-text\"> Fortalecimiento comunitario y econom\u00eda solidaria <\/div><\/span>\n\t\t\t\t\t\t\t<span class='e-n-accordion-item-title-icon'>\n\t\t\t<span class='e-opened' ><svg aria-hidden=\"true\" class=\"e-font-icon-svg e-fas-minus-circle\" viewBox=\"0 0 512 512\" xmlns=\"http:\/\/www.w3.org\/2000\/svg\"><path d=\"M256 8C119 8 8 119 8 256s111 248 248 248 248-111 248-248S393 8 256 8zM124 296c-6.6 0-12-5.4-12-12v-56c0-6.6 5.4-12 12-12h264c6.6 0 12 5.4 12 12v56c0 6.6-5.4 12-12 12H124z\"><\/path><\/svg><\/span>\n\t\t\t<span class='e-closed'><svg aria-hidden=\"true\" class=\"e-font-icon-svg e-fas-play-circle\" viewBox=\"0 0 512 512\" xmlns=\"http:\/\/www.w3.org\/2000\/svg\"><path d=\"M256 8C119 8 8 119 8 256s111 248 248 248 248-111 248-248S393 8 256 8zm115.7 272l-176 101c-15.8 8.8-35.7-2.5-35.7-21V152c0-18.4 19.8-29.8 35.7-21l176 107c16.4 9.2 16.4 32.9 0 42z\"><\/path><\/svg><\/span>\n\t\t<\/span>\n\n\t\t\t\t\t\t<\/summary>\n\t\t\t\t<div role=\"region\" aria-labelledby=\"e-n-accordion-item-2194\" class=\"elementor-element elementor-element-2193e83 e-con-full e-flex e-con e-child\" data-id=\"2193e83\" data-element_type=\"container\">\n\t\t\t\t<div class=\"elementor-element elementor-element-a44f17f elementor-widget elementor-widget-text-editor\" data-id=\"a44f17f\" data-element_type=\"widget\" data-widget_type=\"text-editor.default\">\n\t\t\t\t<div class=\"elementor-widget-container\">\n\t\t\t\t\t\t\t\t\t<ul><li>Intercambio de semillas y productos.<\/li><li>Mercados campesinos solidarios.<\/li><li>Articulaci\u00f3n con organizaciones y escuelas rurales.<\/li><\/ul>\t\t\t\t\t\t\t\t<\/div>\n\t\t\t\t<\/div>\n\t\t\t\t<\/div>\n\t\t\t\t\t<\/details>\n\t\t\t\t\t<\/div>\n\t\t\t\t\t\t<\/div>\n\t\t\t\t<\/div>\n\t\t\t\t<\/div>\n\t\t<div class=\"elementor-element elementor-element-75a575f e-con-full e-flex e-con e-child\" data-id=\"75a575f\" data-element_type=\"container\">\n\t\t\t\t<div class=\"elementor-element elementor-element-a350d0e elementor-widget elementor-widget-image\" data-id=\"a350d0e\" data-element_type=\"widget\" data-widget_type=\"image.default\">\n\t\t\t\t<div class=\"elementor-widget-container\">\n\t\t\t\t\t\t\t\t\t\t\t\t\t\t\t<img decoding=\"async\" width=\"1024\" height=\"768\" src=\"https:\/\/mandalaquimbaya.org\/wp-content\/uploads\/2025\/11\/foto-004-1024x768.jpg\" class=\"attachment-large size-large wp-image-4101\" alt=\"\" srcset=\"https:\/\/mandalaquimbaya.org\/wp-content\/uploads\/2025\/11\/foto-004-1024x768.jpg 1024w, https:\/\/mandalaquimbaya.org\/wp-content\/uploads\/2025\/11\/foto-004-300x225.jpg 300w, https:\/\/mandalaquimbaya.org\/wp-content\/uploads\/2025\/11\/foto-004-768x576.jpg 768w, https:\/\/mandalaquimbaya.org\/wp-content\/uploads\/2025\/11\/foto-004.jpg 1200w\" sizes=\"(max-width: 1024px) 100vw, 1024px\" \/>\t\t\t\t\t\t\t\t\t\t\t\t\t\t\t<\/div>\n\t\t\t\t<\/div>\n\t\t\t\t<\/div>\n\t\t\t\t\t<\/div>\n\t\t\t\t<\/div>\n\t\t<div class=\"elementor-element elementor-element-95ba9c9 e-flex e-con-boxed e-con e-parent\" data-id=\"95ba9c9\" data-element_type=\"container\" data-settings=\"{&quot;background_background&quot;:&quot;classic&quot;}\">\n\t\t\t\t\t<div class=\"e-con-inner\">\n\t\t\t\t<div class=\"elementor-element elementor-element-80551d2 elementor-widget elementor-widget-heading\" data-id=\"80551d2\" data-element_type=\"widget\" data-widget_type=\"heading.default\">\n\t\t\t\t<div class=\"elementor-widget-container\">\n\t\t\t\t\t<h2 class=\"elementor-heading-title elementor-size-default\">\u00bfPor qu\u00e9 es importante este proyecto?<\/h2>\t\t\t\t<\/div>\n\t\t\t\t<\/div>\n\t\t\t\t\t<\/div>\n\t\t\t\t<\/div>\n\t\t<div class=\"elementor-element elementor-element-239b782 e-flex e-con-boxed e-con e-parent\" data-id=\"239b782\" data-element_type=\"container\" data-settings=\"{&quot;background_background&quot;:&quot;classic&quot;}\">\n\t\t\t\t\t<div class=\"e-con-inner\">\n\t\t<div class=\"elementor-element elementor-element-75dd035 e-con-full e-flex e-con e-child\" data-id=\"75dd035\" data-element_type=\"container\">\n\t\t\t\t<div class=\"elementor-element elementor-element-6ec10d5 elementor-widget elementor-widget-text-editor\" data-id=\"6ec10d5\" data-element_type=\"widget\" data-widget_type=\"text-editor.default\">\n\t\t\t\t<div class=\"elementor-widget-container\">\n\t\t\t\t\t\t\t\t\t<p>Porque demuestra que la <strong>transici\u00f3n agroecol\u00f3gica<\/strong> no es un discurso, sino una pr\u00e1ctica concreta que se construye desde la comunidad y el territorio.<\/p><p>Parcela Escuela evidencia que las familias rurales pueden adaptarse al cambio clim\u00e1tico, diversificar su producci\u00f3n y recuperar autonom\u00eda alimentaria cuando cuentan con acompa\u00f1amiento, conocimiento pr\u00e1ctico y espacios colectivos de aprendizaje.<\/p><p>Es una apuesta por una ruralidad que <strong>conserva su identidad<\/strong>, fortalece sus saberes y avanza hacia un futuro m\u00e1s sostenible.<\/p>\t\t\t\t\t\t\t\t<\/div>\n\t\t\t\t<\/div>\n\t\t\t\t<\/div>\n\t\t<div class=\"elementor-element elementor-element-abf5adf e-con-full e-flex e-con e-child\" data-id=\"abf5adf\" data-element_type=\"container\">\n\t\t\t\t<div class=\"elementor-element elementor-element-e28c371 elementor-widget elementor-widget-image\" data-id=\"e28c371\" data-element_type=\"widget\" data-widget_type=\"image.default\">\n\t\t\t\t<div class=\"elementor-widget-container\">\n\t\t\t\t\t\t\t\t\t\t\t\t\t\t\t<img loading=\"lazy\" decoding=\"async\" width=\"800\" height=\"600\" src=\"https:\/\/mandalaquimbaya.org\/wp-content\/uploads\/2025\/11\/foto-002.jpg\" class=\"attachment-large size-large wp-image-4064\" alt=\"\" srcset=\"https:\/\/mandalaquimbaya.org\/wp-content\/uploads\/2025\/11\/foto-002.jpg 800w, https:\/\/mandalaquimbaya.org\/wp-content\/uploads\/2025\/11\/foto-002-300x225.jpg 300w, https:\/\/mandalaquimbaya.org\/wp-content\/uploads\/2025\/11\/foto-002-768x576.jpg 768w\" sizes=\"(max-width: 800px) 100vw, 800px\" \/>\t\t\t\t\t\t\t\t\t\t\t\t\t\t\t<\/div>\n\t\t\t\t<\/div>\n\t\t\t\t<\/div>\n\t\t\t\t\t<\/div>\n\t\t\t\t<\/div>\n\t\t<div class=\"elementor-element elementor-element-d819fc9 e-flex e-con-boxed e-con e-parent\" data-id=\"d819fc9\" data-element_type=\"container\" data-settings=\"{&quot;background_background&quot;:&quot;classic&quot;}\">\n\t\t\t\t\t<div class=\"e-con-inner\">\n\t\t<div class=\"elementor-element elementor-element-78a02e0 e-con-full e-flex e-con e-child\" data-id=\"78a02e0\" data-element_type=\"container\">\n\t\t\t\t<div class=\"elementor-element elementor-element-0bb74f2 elementor-widget elementor-widget-heading\" data-id=\"0bb74f2\" data-element_type=\"widget\" data-widget_type=\"heading.default\">\n\t\t\t\t<div class=\"elementor-widget-container\">\n\t\t\t\t\t<h2 class=\"elementor-heading-title elementor-size-default\">Beneficios para los aliados estrat\u00e9gicos:<\/h2>\t\t\t\t<\/div>\n\t\t\t\t<\/div>\n\t\t\t\t<\/div>\n\t\t<div class=\"elementor-element elementor-element-e444908 e-con-full e-flex e-con e-child\" data-id=\"e444908\" data-element_type=\"container\">\n\t\t\t\t<div class=\"elementor-element elementor-element-502e901 elementor-widget elementor-widget-text-editor\" data-id=\"502e901\" data-element_type=\"widget\" data-widget_type=\"text-editor.default\">\n\t\t\t\t<div class=\"elementor-widget-container\">\n\t\t\t\t\t\t\t\t\t<p>Al colaborar con la <strong>Corporaci\u00f3n Mandala Quimbaya<\/strong>, los patrocinadores no solo aportan a un proyecto, sino que <strong>se suman a una causa que conecta educaci\u00f3n, territorio, cultura y sostenibilidad<\/strong>. Una alianza con Mandala es una oportunidad para crecer juntos desde el arraigo, el compromiso social y la innovaci\u00f3n comunitaria.<\/p>\t\t\t\t\t\t\t\t<\/div>\n\t\t\t\t<\/div>\n\t\t\t\t<\/div>\n\t\t\t\t\t<\/div>\n\t\t\t\t<\/div>\n\t\t<div class=\"elementor-element elementor-element-6374467 e-con-full e-flex e-con e-parent\" data-id=\"6374467\" data-element_type=\"container\">\n\t\t<div class=\"elementor-element elementor-element-91f0318 e-con-full e-flex e-con e-child\" data-id=\"91f0318\" data-element_type=\"container\">\n\t\t\t\t<div class=\"elementor-element elementor-element-c4f15f8 elementor-widget elementor-widget-heading\" data-id=\"c4f15f8\" data-element_type=\"widget\" data-widget_type=\"heading.default\">\n\t\t\t\t<div class=\"elementor-widget-container\">\n\t\t\t\t\t<h2 class=\"elementor-heading-title elementor-size-default\"> Aliados estrat\u00e9gicos<\/h2>\t\t\t\t<\/div>\n\t\t\t\t<\/div>\n\t\t\t\t<div class=\"elementor-element elementor-element-7677b19 elementor-widget elementor-widget-text-editor\" data-id=\"7677b19\" data-element_type=\"widget\" data-widget_type=\"text-editor.default\">\n\t\t\t\t<div class=\"elementor-widget-container\">\n\t\t\t\t\t\t\t\t\t<ul><li>Fundaci\u00f3n Bol\u00edvar Davivienda \u2013 Programa Aflora<\/li><li>Instituci\u00f3n Educativa Naranjal<\/li><li>Asociaciones campesinas.<\/li><li>Juntas de Acci\u00f3n Comunal<\/li><li>Sabedores tradicionales<\/li><li>Entidades p\u00fablicas locales<\/li><li>Corporaci\u00f3n Mandala Quimbaya<\/li><\/ul>\t\t\t\t\t\t\t\t<\/div>\n\t\t\t\t<\/div>\n\t\t\t\t<\/div>\n\t\t<div class=\"elementor-element elementor-element-4080456 e-con-full e-flex e-con e-child\" data-id=\"4080456\" data-element_type=\"container\">\n\t\t\t\t<div class=\"elementor-element elementor-element-c90b3c1 elementor-widget elementor-widget-text-editor\" data-id=\"c90b3c1\" data-element_type=\"widget\" data-widget_type=\"text-editor.default\">\n\t\t\t\t<div class=\"elementor-widget-container\">\n\t\t\t\t\t\t\t\t\t<ul><li>Reconocimiento institucional en materiales, publicaciones y eventos comunitarios.<\/li><li>Participaci\u00f3n en actividades de campo y encuentros educativos.<\/li><li>Acceso a informes de resultados, indicadores y relator\u00edas del proceso.<\/li><li>Contribuci\u00f3n directa a la resiliencia clim\u00e1tica y a la soberan\u00eda y seguridad alimentaria rural.<\/li><li>Articulaci\u00f3n con agendas de sostenibilidad, responsabilidad social y ODS como agentes de cambio<\/li><li>Vinculaci\u00f3n a un proceso replicable, con impacto comprobado y relevancia territorial.<\/li><\/ul>\t\t\t\t\t\t\t\t<\/div>\n\t\t\t\t<\/div>\n\t\t\t\t<\/div>\n\t\t\t\t<\/div>\n\t\t<div class=\"elementor-element elementor-element-073a74c e-flex e-con-boxed e-con e-parent\" data-id=\"073a74c\" data-element_type=\"container\" data-settings=\"{&quot;background_background&quot;:&quot;classic&quot;}\">\n\t\t\t\t\t<div class=\"e-con-inner\">\n\t\t<div class=\"elementor-element elementor-element-0ed650c e-con-full e-flex e-con e-child\" data-id=\"0ed650c\" data-element_type=\"container\">\n\t\t\t\t<div class=\"elementor-element elementor-element-8079951 elementor-widget elementor-widget-heading\" data-id=\"8079951\" data-element_type=\"widget\" data-widget_type=\"heading.default\">\n\t\t\t\t<div class=\"elementor-widget-container\">\n\t\t\t\t\t<h2 class=\"elementor-heading-title elementor-size-default\">Poblaci\u00f3n beneficiaria<\/h2>\t\t\t\t<\/div>\n\t\t\t\t<\/div>\n\t\t\t\t<div class=\"elementor-element elementor-element-251f535 elementor-widget elementor-widget-text-editor\" data-id=\"251f535\" data-element_type=\"widget\" data-widget_type=\"text-editor.default\">\n\t\t\t\t<div class=\"elementor-widget-container\">\n\t\t\t\t\t\t\t\t\t<ul><li>21 familias rurales de Quimbaya.<\/li><li>Estudiantes de la Instituci\u00f3n Educativa Naranjal.<\/li><li>J\u00f3venes rurales interesados en agroecolog\u00eda.<\/li><li>Sabedores tradicionales y l\u00edderes comunitarios.<\/li><li>Asociaciones campesinas de la regi\u00f3n.<\/li><\/ul>\t\t\t\t\t\t\t\t<\/div>\n\t\t\t\t<\/div>\n\t\t\t\t<\/div>\n\t\t<div class=\"elementor-element elementor-element-2fefe51 e-con-full e-flex e-con e-child\" data-id=\"2fefe51\" data-element_type=\"container\">\n\t\t\t\t<div class=\"elementor-element elementor-element-f06d63f elementor-widget elementor-widget-image\" data-id=\"f06d63f\" data-element_type=\"widget\" data-widget_type=\"image.default\">\n\t\t\t\t<div class=\"elementor-widget-container\">\n\t\t\t\t\t\t\t\t\t\t\t\t\t\t\t<img loading=\"lazy\" decoding=\"async\" width=\"1024\" height=\"467\" src=\"https:\/\/mandalaquimbaya.org\/wp-content\/uploads\/2025\/11\/foto-005-1024x467.jpg\" class=\"attachment-large size-large wp-image-4106\" alt=\"\" srcset=\"https:\/\/mandalaquimbaya.org\/wp-content\/uploads\/2025\/11\/foto-005-1024x467.jpg 1024w, https:\/\/mandalaquimbaya.org\/wp-content\/uploads\/2025\/11\/foto-005-300x137.jpg 300w, https:\/\/mandalaquimbaya.org\/wp-content\/uploads\/2025\/11\/foto-005-768x350.jpg 768w, https:\/\/mandalaquimbaya.org\/wp-content\/uploads\/2025\/11\/foto-005.jpg 1200w\" sizes=\"(max-width: 1024px) 100vw, 1024px\" \/>\t\t\t\t\t\t\t\t\t\t\t\t\t\t\t<\/div>\n\t\t\t\t<\/div>\n\t\t\t\t<\/div>\n\t\t\t\t\t<\/div>\n\t\t\t\t<\/div>\n\t\t<div class=\"elementor-element elementor-element-f0a7f3b e-flex e-con-boxed e-con e-parent\" data-id=\"f0a7f3b\" data-element_type=\"container\">\n\t\t\t\t\t<div class=\"e-con-inner\">\n\t\t\t\t<div class=\"elementor-element elementor-element-bec90fe elementor-widget elementor-widget-heading\" data-id=\"bec90fe\" data-element_type=\"widget\" data-widget_type=\"heading.default\">\n\t\t\t\t<div class=\"elementor-widget-container\">\n\t\t\t\t\t<h2 class=\"elementor-heading-title elementor-size-default\">Difusi\u00f3n y medios digitales<\/h2>\t\t\t\t<\/div>\n\t\t\t\t<\/div>\n\t\t\t\t\t<\/div>\n\t\t\t\t<\/div>\n\t\t<div class=\"elementor-element elementor-element-2bbb78d e-flex e-con-boxed e-con e-parent\" data-id=\"2bbb78d\" data-element_type=\"container\">\n\t\t\t\t\t<div class=\"e-con-inner\">\n\t\t<div class=\"elementor-element elementor-element-e23d94b e-con-full e-flex e-con e-child\" data-id=\"e23d94b\" data-element_type=\"container\">\n\t\t\t\t<div class=\"elementor-element elementor-element-50fd017 elementor-widget elementor-widget-text-editor\" data-id=\"50fd017\" data-element_type=\"widget\" data-widget_type=\"text-editor.default\">\n\t\t\t\t<div class=\"elementor-widget-container\">\n\t\t\t\t\t\t\t\t\t<ul><li>Publicaciones y registros audiovisuales del proceso en red social Instagram<\/li><li>Videos educativos y testigos comunitarios producidos desde Mandala Quimbaya.<\/li><li>Difusi\u00f3n mediante WhatsApp Comunitario y redes de aliados rurales.<\/li><li>Carpeta digital con materiales pedag\u00f3gicos y registro fotogr\u00e1fico de los talleres.<\/li><\/ul>\t\t\t\t\t\t\t\t<\/div>\n\t\t\t\t<\/div>\n\t\t\t\t<\/div>\n\t\t<div class=\"elementor-element elementor-element-a6c95cd e-con-full e-flex e-con e-child\" data-id=\"a6c95cd\" data-element_type=\"container\">\n\t\t\t\t<div class=\"elementor-element elementor-element-d1238dc elementor-widget elementor-widget-image\" data-id=\"d1238dc\" data-element_type=\"widget\" data-widget_type=\"image.default\">\n\t\t\t\t<div class=\"elementor-widget-container\">\n\t\t\t\t\t\t\t\t\t\t\t\t\t\t\t<img loading=\"lazy\" decoding=\"async\" width=\"1024\" height=\"579\" src=\"https:\/\/mandalaquimbaya.org\/wp-content\/uploads\/2025\/11\/foto-006-1024x579.jpg\" class=\"attachment-large size-large wp-image-4135\" alt=\"\" srcset=\"https:\/\/mandalaquimbaya.org\/wp-content\/uploads\/2025\/11\/foto-006-1024x579.jpg 1024w, https:\/\/mandalaquimbaya.org\/wp-content\/uploads\/2025\/11\/foto-006-300x170.jpg 300w, https:\/\/mandalaquimbaya.org\/wp-content\/uploads\/2025\/11\/foto-006-768x434.jpg 768w, https:\/\/mandalaquimbaya.org\/wp-content\/uploads\/2025\/11\/foto-006.jpg 1200w\" sizes=\"(max-width: 1024px) 100vw, 1024px\" \/>\t\t\t\t\t\t\t\t\t\t\t\t\t\t\t<\/div>\n\t\t\t\t<\/div>\n\t\t\t\t<\/div>\n\t\t\t\t\t<\/div>\n\t\t\t\t<\/div>\n\t\t<div class=\"elementor-element elementor-element-1c58f45 e-flex e-con-boxed e-con e-parent\" data-id=\"1c58f45\" data-element_type=\"container\" data-settings=\"{&quot;background_background&quot;:&quot;classic&quot;}\">\n\t\t\t\t\t<div class=\"e-con-inner\">\n\t\t<div class=\"elementor-element elementor-element-b425301 e-con-full e-flex e-con e-child\" data-id=\"b425301\" data-element_type=\"container\">\n\t\t\t\t<div class=\"elementor-element elementor-element-1eefbbf elementor-widget elementor-widget-heading\" data-id=\"1eefbbf\" data-element_type=\"widget\" data-widget_type=\"heading.default\">\n\t\t\t\t<div class=\"elementor-widget-container\">\n\t\t\t\t\t<h2 class=\"elementor-heading-title elementor-size-default\">Testimonios que Conectan:\n<br>La Magia de Vivir en Mandala Quimbaya<\/h2>\t\t\t\t<\/div>\n\t\t\t\t<\/div>\n\t\t\t\t<\/div>\n\t\t<div class=\"elementor-element elementor-element-521c05f e-con-full e-flex e-con e-child\" data-id=\"521c05f\" data-element_type=\"container\">\n\t\t\t\t<div class=\"elementor-element elementor-element-c9d7297 elementor-widget elementor-widget-text-editor\" data-id=\"c9d7297\" data-element_type=\"widget\" data-widget_type=\"text-editor.default\">\n\t\t\t\t<div class=\"elementor-widget-container\">\n\t\t\t\t\t\t\t\t\t<p>Convi\u00e9rtete en el aliado que hace posible que las nuevas generaciones aprendan a proteger el campo\u2026 en su propio territorio. Cont\u00e1ctanos para conocer c\u00f3mo.<\/p>\t\t\t\t\t\t\t\t<\/div>\n\t\t\t\t<\/div>\n\t\t\t\t<div class=\"elementor-element elementor-element-0fcea64 elementor-shape-circle elementor-grid-3 e-grid-align-center elementor-widget elementor-widget-social-icons\" data-id=\"0fcea64\" data-element_type=\"widget\" data-widget_type=\"social-icons.default\">\n\t\t\t\t<div class=\"elementor-widget-container\">\n\t\t\t\t\t\t\t<div class=\"elementor-social-icons-wrapper elementor-grid\" role=\"list\">\n\t\t\t\t\t\t\t<span class=\"elementor-grid-item\" role=\"listitem\">\n\t\t\t\t\t<a class=\"elementor-icon elementor-social-icon elementor-social-icon-facebook elementor-repeater-item-abec9be\" href=\"https:\/\/www.facebook.com\/Corp.Mandala.Quimbaya\" target=\"_blank\">\n\t\t\t\t\t\t<span class=\"elementor-screen-only\">Facebook<\/span>\n\t\t\t\t\t\t<svg class=\"e-font-icon-svg e-fab-facebook\" viewBox=\"0 0 512 512\" xmlns=\"http:\/\/www.w3.org\/2000\/svg\"><path d=\"M504 256C504 119 393 8 256 8S8 119 8 256c0 123.78 90.69 226.38 209.25 245V327.69h-63V256h63v-54.64c0-62.15 37-96.48 93.67-96.48 27.14 0 55.52 4.84 55.52 4.84v61h-31.28c-30.8 0-40.41 19.12-40.41 38.73V256h68.78l-11 71.69h-57.78V501C413.31 482.38 504 379.78 504 256z\"><\/path><\/svg>\t\t\t\t\t<\/a>\n\t\t\t\t<\/span>\n\t\t\t\t\t\t\t<span class=\"elementor-grid-item\" role=\"listitem\">\n\t\t\t\t\t<a class=\"elementor-icon elementor-social-icon elementor-social-icon-instagram elementor-repeater-item-2f10a71\" href=\"https:\/\/www.instagram.com\/mandala_quimbaya\/\" target=\"_blank\">\n\t\t\t\t\t\t<span class=\"elementor-screen-only\">Instagram<\/span>\n\t\t\t\t\t\t<svg class=\"e-font-icon-svg e-fab-instagram\" viewBox=\"0 0 448 512\" xmlns=\"http:\/\/www.w3.org\/2000\/svg\"><path d=\"M224.1 141c-63.6 0-114.9 51.3-114.9 114.9s51.3 114.9 114.9 114.9S339 319.5 339 255.9 287.7 141 224.1 141zm0 189.6c-41.1 0-74.7-33.5-74.7-74.7s33.5-74.7 74.7-74.7 74.7 33.5 74.7 74.7-33.6 74.7-74.7 74.7zm146.4-194.3c0 14.9-12 26.8-26.8 26.8-14.9 0-26.8-12-26.8-26.8s12-26.8 26.8-26.8 26.8 12 26.8 26.8zm76.1 27.2c-1.7-35.9-9.9-67.7-36.2-93.9-26.2-26.2-58-34.4-93.9-36.2-37-2.1-147.9-2.1-184.9 0-35.8 1.7-67.6 9.9-93.9 36.1s-34.4 58-36.2 93.9c-2.1 37-2.1 147.9 0 184.9 1.7 35.9 9.9 67.7 36.2 93.9s58 34.4 93.9 36.2c37 2.1 147.9 2.1 184.9 0 35.9-1.7 67.7-9.9 93.9-36.2 26.2-26.2 34.4-58 36.2-93.9 2.1-37 2.1-147.8 0-184.8zM398.8 388c-7.8 19.6-22.9 34.7-42.6 42.6-29.5 11.7-99.5 9-132.1 9s-102.7 2.6-132.1-9c-19.6-7.8-34.7-22.9-42.6-42.6-11.7-29.5-9-99.5-9-132.1s-2.6-102.7 9-132.1c7.8-19.6 22.9-34.7 42.6-42.6 29.5-11.7 99.5-9 132.1-9s102.7-2.6 132.1 9c19.6 7.8 34.7 22.9 42.6 42.6 11.7 29.5 9 99.5 9 132.1s2.7 102.7-9 132.1z\"><\/path><\/svg>\t\t\t\t\t<\/a>\n\t\t\t\t<\/span>\n\t\t\t\t\t\t\t<span class=\"elementor-grid-item\" role=\"listitem\">\n\t\t\t\t\t<a class=\"elementor-icon elementor-social-icon elementor-social-icon-youtube elementor-repeater-item-d49b4aa\" href=\"https:\/\/www.youtube.com\/@corporacionmandalaquimbaya9892\" target=\"_blank\">\n\t\t\t\t\t\t<span class=\"elementor-screen-only\">Youtube<\/span>\n\t\t\t\t\t\t<svg class=\"e-font-icon-svg e-fab-youtube\" viewBox=\"0 0 576 512\" xmlns=\"http:\/\/www.w3.org\/2000\/svg\"><path d=\"M549.655 124.083c-6.281-23.65-24.787-42.276-48.284-48.597C458.781 64 288 64 288 64S117.22 64 74.629 75.486c-23.497 6.322-42.003 24.947-48.284 48.597-11.412 42.867-11.412 132.305-11.412 132.305s0 89.438 11.412 132.305c6.281 23.65 24.787 41.5 48.284 47.821C117.22 448 288 448 288 448s170.78 0 213.371-11.486c23.497-6.321 42.003-24.171 48.284-47.821 11.412-42.867 11.412-132.305 11.412-132.305s0-89.438-11.412-132.305zm-317.51 213.508V175.185l142.739 81.205-142.739 81.201z\"><\/path><\/svg>\t\t\t\t\t<\/a>\n\t\t\t\t<\/span>\n\t\t\t\t\t<\/div>\n\t\t\t\t\t\t<\/div>\n\t\t\t\t<\/div>\n\t\t\t\t<div class=\"elementor-element elementor-element-5df5de6 elementor-widget elementor-widget-text-editor\" data-id=\"5df5de6\" data-element_type=\"widget\" data-widget_type=\"text-editor.default\">\n\t\t\t\t<div class=\"elementor-widget-container\">\n\t\t\t\t\t\t\t\t\t<p><b>Contacto institucional:<\/b><span style=\"font-weight: 400;\"><br \/>\ud83d\udce7<\/span><span style=\"font-weight: 400;\"> contacto@mandalaquimbaya.org<\/span><span style=\"font-weight: 400;\"><br \/>\ud83d\udcde<\/span><span style=\"font-weight: 400;\"> +57 300 616 9463<\/span><\/p>\t\t\t\t\t\t\t\t<\/div>\n\t\t\t\t<\/div>\n\t\t\t\t<\/div>\n\t\t\t\t\t<\/div>\n\t\t\t\t<\/div>\n\t\t\t\t<\/div>\n\t\t","protected":false},"excerpt":{"rendered":"<p>Nos propusimos conectar generaciones de saberes campesinos con j\u00f3venes del campo, utilizando nuevas herramientas que promuevan el desarrollo sostenible.<\/p>\n","protected":false},"author":1,"featured_media":0,"parent":0,"menu_order":0,"comment_status":"closed","ping_status":"closed","template":"elementor_header_footer","meta":{"_monsterinsights_skip_tracking":false,"_monsterinsights_sitenote_active":false,"_monsterinsights_sitenote_note":"","_monsterinsights_sitenote_category":0,"footnotes":""},"class_list":["post-3923","page","type-page","status-publish","hentry"],"blocksy_meta":[],"_links":{"self":[{"href":"https:\/\/mandalaquimbaya.org\/index.php\/wp-json\/wp\/v2\/pages\/3923","targetHints":{"allow":["GET"]}}],"collection":[{"href":"https:\/\/mandalaquimbaya.org\/index.php\/wp-json\/wp\/v2\/pages"}],"about":[{"href":"https:\/\/mandalaquimbaya.org\/index.php\/wp-json\/wp\/v2\/types\/page"}],"author":[{"embeddable":true,"href":"https:\/\/mandalaquimbaya.org\/index.php\/wp-json\/wp\/v2\/users\/1"}],"replies":[{"embeddable":true,"href":"https:\/\/mandalaquimbaya.org\/index.php\/wp-json\/wp\/v2\/comments?post=3923"}],"version-history":[{"count":190,"href":"https:\/\/mandalaquimbaya.org\/index.php\/wp-json\/wp\/v2\/pages\/3923\/revisions"}],"predecessor-version":[{"id":4139,"href":"https:\/\/mandalaquimbaya.org\/index.php\/wp-json\/wp\/v2\/pages\/3923\/revisions\/4139"}],"wp:attachment":[{"href":"https:\/\/mandalaquimbaya.org\/index.php\/wp-json\/wp\/v2\/media?parent=3923"}],"curies":[{"name":"wp","href":"https:\/\/api.w.org\/{rel}","templated":true}]}}