{"id":2542,"date":"2025-05-21T19:38:08","date_gmt":"2025-05-21T19:38:08","guid":{"rendered":"https:\/\/mandalaquimbaya.org\/?page_id=2542"},"modified":"2025-05-28T15:34:26","modified_gmt":"2025-05-28T15:34:26","slug":"proyecto02","status":"publish","type":"page","link":"https:\/\/mandalaquimbaya.org\/index.php\/proyecto02\/","title":{"rendered":"Sembrando Saberes"},"content":{"rendered":"\t\t<div data-elementor-type=\"wp-page\" data-elementor-id=\"2542\" class=\"elementor elementor-2542\" data-elementor-post-type=\"page\">\n\t\t\t\t<div class=\"elementor-element elementor-element-c01fa5e e-flex e-con-boxed e-con e-parent\" data-id=\"c01fa5e\" data-element_type=\"container\">\n\t\t\t\t\t<div class=\"e-con-inner\">\n\t\t<div class=\"elementor-element elementor-element-2c33849 e-con-full e-flex e-con e-child\" data-id=\"2c33849\" data-element_type=\"container\">\n\t\t\t\t<div class=\"elementor-element elementor-element-ca7e7a4 elementor-widget elementor-widget-heading\" data-id=\"ca7e7a4\" data-element_type=\"widget\" data-widget_type=\"heading.default\">\n\t\t\t\t<div class=\"elementor-widget-container\">\n\t\t\t\t\t<h2 class=\"elementor-heading-title elementor-size-default\">Sembrando Saberes<\/h2>\t\t\t\t<\/div>\n\t\t\t\t<\/div>\n\t\t\t\t<div class=\"elementor-element elementor-element-5b8a7cf elementor-widget elementor-widget-text-editor\" data-id=\"5b8a7cf\" data-element_type=\"widget\" data-widget_type=\"text-editor.default\">\n\t\t\t\t<div class=\"elementor-widget-container\">\n\t\t\t\t\t\t\t\t\t<p>Se consolid\u00f3 como un ejercicio de investigaci\u00f3n-creaci\u00f3n audiovisual que articula saberes locales, metodolog\u00edas comunitarias y herramientas narrativas en un proceso de transformaci\u00f3n cultural.<\/p>\t\t\t\t\t\t\t\t<\/div>\n\t\t\t\t<\/div>\n\t\t\t\t<div class=\"elementor-element elementor-element-e0d18fb elementor-widget elementor-widget-button\" data-id=\"e0d18fb\" data-element_type=\"widget\" data-widget_type=\"button.default\">\n\t\t\t\t<div class=\"elementor-widget-container\">\n\t\t\t\t\t\t\t\t\t<div class=\"elementor-button-wrapper\">\n\t\t\t\t\t<a class=\"elementor-button elementor-button-link elementor-size-sm\" href=\"https:\/\/mandalaquimbaya.org\/index.php\/proyectos\/\">\n\t\t\t\t\t\t<span class=\"elementor-button-content-wrapper\">\n\t\t\t\t\t\t\t\t\t<span class=\"elementor-button-text\">Volver a Proyectos<\/span>\n\t\t\t\t\t<\/span>\n\t\t\t\t\t<\/a>\n\t\t\t\t<\/div>\n\t\t\t\t\t\t\t\t<\/div>\n\t\t\t\t<\/div>\n\t\t\t\t<\/div>\n\t\t<div class=\"elementor-element elementor-element-1c739de e-con-full e-flex e-con e-child\" data-id=\"1c739de\" data-element_type=\"container\">\n\t\t\t\t<div class=\"elementor-element elementor-element-5ad007e elementor-widget elementor-widget-image\" data-id=\"5ad007e\" data-element_type=\"widget\" data-widget_type=\"image.default\">\n\t\t\t\t<div class=\"elementor-widget-container\">\n\t\t\t\t\t\t\t\t\t\t\t\t\t\t\t<img fetchpriority=\"high\" decoding=\"async\" width=\"867\" height=\"895\" src=\"https:\/\/mandalaquimbaya.org\/wp-content\/uploads\/2025\/05\/portada-sembrando.png\" class=\"attachment-large size-large wp-image-2748\" alt=\"\" srcset=\"https:\/\/mandalaquimbaya.org\/wp-content\/uploads\/2025\/05\/portada-sembrando.png 867w, https:\/\/mandalaquimbaya.org\/wp-content\/uploads\/2025\/05\/portada-sembrando-291x300.png 291w, https:\/\/mandalaquimbaya.org\/wp-content\/uploads\/2025\/05\/portada-sembrando-768x793.png 768w\" sizes=\"(max-width: 867px) 100vw, 867px\" \/>\t\t\t\t\t\t\t\t\t\t\t\t\t\t\t<\/div>\n\t\t\t\t<\/div>\n\t\t\t\t<\/div>\n\t\t\t\t\t<\/div>\n\t\t\t\t<\/div>\n\t\t<div class=\"elementor-element elementor-element-964d444 e-con-full e-flex e-con e-parent\" data-id=\"964d444\" data-element_type=\"container\" data-settings=\"{&quot;background_background&quot;:&quot;classic&quot;}\">\n\t\t<div class=\"elementor-element elementor-element-7cbd29e e-con-full e-flex e-con e-child\" data-id=\"7cbd29e\" data-element_type=\"container\">\n\t\t<div class=\"elementor-element elementor-element-bdf0f98 e-grid e-con-full e-con e-child\" data-id=\"bdf0f98\" data-element_type=\"container\">\n\t\t\t\t<div class=\"elementor-element elementor-element-40c18cc elementor-widget elementor-widget-image\" data-id=\"40c18cc\" data-element_type=\"widget\" data-widget_type=\"image.default\">\n\t\t\t\t<div class=\"elementor-widget-container\">\n\t\t\t\t\t\t\t\t\t\t\t\t\t\t\t<img decoding=\"async\" width=\"768\" height=\"1024\" src=\"https:\/\/mandalaquimbaya.org\/wp-content\/uploads\/2025\/05\/IMG-20231120-WA0237-768x1024.jpg\" class=\"attachment-large size-large wp-image-2682\" alt=\"\" srcset=\"https:\/\/mandalaquimbaya.org\/wp-content\/uploads\/2025\/05\/IMG-20231120-WA0237-768x1024.jpg 768w, https:\/\/mandalaquimbaya.org\/wp-content\/uploads\/2025\/05\/IMG-20231120-WA0237-225x300.jpg 225w, https:\/\/mandalaquimbaya.org\/wp-content\/uploads\/2025\/05\/IMG-20231120-WA0237.jpg 960w\" sizes=\"(max-width: 768px) 100vw, 768px\" \/>\t\t\t\t\t\t\t\t\t\t\t\t\t\t\t<\/div>\n\t\t\t\t<\/div>\n\t\t\t\t<div class=\"elementor-element elementor-element-fff5ac6 elementor-widget elementor-widget-text-editor\" data-id=\"fff5ac6\" data-element_type=\"widget\" data-widget_type=\"text-editor.default\">\n\t\t\t\t<div class=\"elementor-widget-container\">\n\t\t\t\t\t\t\t\t\t<p><strong>Objetivo general <\/strong>Realizar una ruta participativa de investigaci\u00f3n en formato de serie audiovisual documental, mediante entrevistas y herramientas etnogr\u00e1ficas, para el reconocimiento del campesinado quindiano y sus saberes, conocimientos y pr\u00e1cticas comunitarias asociadas a la producci\u00f3n agr\u00edcola tradicional.<\/p><p><strong>Impacto en la comunidad<\/strong><\/p><ul><li><strong>Educaci\u00f3n y relevo generacional<\/strong>: Fortalecimiento de v\u00ednculos entre j\u00f3venes y sabedores, visibilizando pr\u00e1cticas agroecol\u00f3gicas, culinarias y culturales propias del territorio.<\/li><li><strong>Empoderamiento comunitario<\/strong>: El proyecto motiv\u00f3 la reflexi\u00f3n cr\u00edtica sobre el valor del campesinado, sus historias y sus aportes a la sostenibilidad territorial.<\/li><li><strong>Preservaci\u00f3n del patrimonio biocultural<\/strong>: Se promovi\u00f3 la documentaci\u00f3n de conocimientos en riesgo de perderse y su transmisi\u00f3n a trav\u00e9s de medios accesibles.<\/li><li><strong>Sostenibilidad y arraigo<\/strong>: Las historias contadas fortalecieron la conexi\u00f3n de la poblaci\u00f3n con su territorio, promoviendo un sentido de pertenencia y propuestas de vida digna en el campo.<\/li><\/ul>\t\t\t\t\t\t\t\t<\/div>\n\t\t\t\t<\/div>\n\t\t\t\t<\/div>\n\t\t\t\t<\/div>\n\t\t\t\t<\/div>\n\t\t<div class=\"elementor-element elementor-element-6d782c1 e-flex e-con-boxed e-con e-parent\" data-id=\"6d782c1\" data-element_type=\"container\">\n\t\t\t\t\t<div class=\"e-con-inner\">\n\t\t\t\t<div class=\"elementor-element elementor-element-9ebbe35 elementor-widget elementor-widget-heading\" data-id=\"9ebbe35\" data-element_type=\"widget\" data-widget_type=\"heading.default\">\n\t\t\t\t<div class=\"elementor-widget-container\">\n\t\t\t\t\t<h2 class=\"elementor-heading-title elementor-size-default\">Actividades principales desarrolladas<\/h2>\t\t\t\t<\/div>\n\t\t\t\t<\/div>\n\t\t\t\t\t<\/div>\n\t\t\t\t<\/div>\n\t\t<div class=\"elementor-element elementor-element-2eae2a9 e-con-full e-flex e-con e-parent\" data-id=\"2eae2a9\" data-element_type=\"container\">\n\t\t<div class=\"elementor-element elementor-element-848a11f e-con-full e-flex e-con e-child\" data-id=\"848a11f\" data-element_type=\"container\">\n\t\t<div class=\"elementor-element elementor-element-124c6c2 e-con-full e-flex e-con e-child\" data-id=\"124c6c2\" data-element_type=\"container\">\n\t\t\t\t<div class=\"elementor-element elementor-element-fbe7f91 elementor-widget elementor-widget-heading\" data-id=\"fbe7f91\" data-element_type=\"widget\" data-widget_type=\"heading.default\">\n\t\t\t\t<div class=\"elementor-widget-container\">\n\t\t\t\t\t<h5 class=\"elementor-heading-title elementor-size-default\">Investigaci\u00f3n participativa y entrevistas:<\/h5>\t\t\t\t<\/div>\n\t\t\t\t<\/div>\n\t\t\t\t<div class=\"elementor-element elementor-element-94d50f1 elementor-widget elementor-widget-image\" data-id=\"94d50f1\" data-element_type=\"widget\" data-widget_type=\"image.default\">\n\t\t\t\t<div class=\"elementor-widget-container\">\n\t\t\t\t\t\t\t\t\t\t\t\t\t\t\t<img decoding=\"async\" width=\"750\" height=\"422\" src=\"https:\/\/mandalaquimbaya.org\/wp-content\/uploads\/2025\/05\/entre.jpg\" class=\"attachment-large size-large wp-image-2676\" alt=\"\" srcset=\"https:\/\/mandalaquimbaya.org\/wp-content\/uploads\/2025\/05\/entre.jpg 750w, https:\/\/mandalaquimbaya.org\/wp-content\/uploads\/2025\/05\/entre-300x169.jpg 300w\" sizes=\"(max-width: 750px) 100vw, 750px\" \/>\t\t\t\t\t\t\t\t\t\t\t\t\t\t\t<\/div>\n\t\t\t\t<\/div>\n\t\t\t\t<div class=\"elementor-element elementor-element-f5a6779 elementor-widget elementor-widget-text-editor\" data-id=\"f5a6779\" data-element_type=\"widget\" data-widget_type=\"text-editor.default\">\n\t\t\t\t<div class=\"elementor-widget-container\">\n\t\t\t\t\t\t\t\t\t<ul><li>Se llevaron a cabo entrevistas con dos sabedores tradicionales: Richarli Rojas y Juan D\u00edaz.<\/li><li>Se realiz\u00f3 una entrevista con el profesor Guillermo Casta\u00f1o Arcila, investigador en agroecolog\u00eda y antropolog\u00eda.<\/li><li>Estas entrevistas permitieron construir guiones originales para la producci\u00f3n de los cap\u00edtulos.<\/li><\/ul>\t\t\t\t\t\t\t\t<\/div>\n\t\t\t\t<\/div>\n\t\t\t\t<\/div>\n\t\t\t\t<\/div>\n\t\t<div class=\"elementor-element elementor-element-ff3c447 e-con-full e-flex e-con e-child\" data-id=\"ff3c447\" data-element_type=\"container\">\n\t\t<div class=\"elementor-element elementor-element-471fcd7 e-con-full e-flex e-con e-child\" data-id=\"471fcd7\" data-element_type=\"container\">\n\t\t\t\t<div class=\"elementor-element elementor-element-73b7699 elementor-widget elementor-widget-heading\" data-id=\"73b7699\" data-element_type=\"widget\" data-widget_type=\"heading.default\">\n\t\t\t\t<div class=\"elementor-widget-container\">\n\t\t\t\t\t<h5 class=\"elementor-heading-title elementor-size-default\">Producci\u00f3n audiovisual:<\/h5>\t\t\t\t<\/div>\n\t\t\t\t<\/div>\n\t\t\t\t<div class=\"elementor-element elementor-element-d83cdbd elementor-widget elementor-widget-image\" data-id=\"d83cdbd\" data-element_type=\"widget\" data-widget_type=\"image.default\">\n\t\t\t\t<div class=\"elementor-widget-container\">\n\t\t\t\t\t\t\t\t\t\t\t\t\t\t\t<img loading=\"lazy\" decoding=\"async\" width=\"750\" height=\"422\" src=\"https:\/\/mandalaquimbaya.org\/wp-content\/uploads\/2025\/05\/fil.jpg\" class=\"attachment-large size-large wp-image-2678\" alt=\"\" srcset=\"https:\/\/mandalaquimbaya.org\/wp-content\/uploads\/2025\/05\/fil.jpg 750w, https:\/\/mandalaquimbaya.org\/wp-content\/uploads\/2025\/05\/fil-300x169.jpg 300w\" sizes=\"(max-width: 750px) 100vw, 750px\" \/>\t\t\t\t\t\t\t\t\t\t\t\t\t\t\t<\/div>\n\t\t\t\t<\/div>\n\t\t\t\t<div class=\"elementor-element elementor-element-86fc0a5 elementor-widget elementor-widget-text-editor\" data-id=\"86fc0a5\" data-element_type=\"widget\" data-widget_type=\"text-editor.default\">\n\t\t\t\t<div class=\"elementor-widget-container\">\n\t\t\t\t\t\t\t\t\t<p>Se dise\u00f1aron y grabaron <strong>cuatro cap\u00edtulos principales<\/strong> y <strong>un cap\u00edtulo bonustrack<\/strong> en formato de docuserie:<\/p><ul><li>Cap\u00edtulo 1: <em>El retorno al campo como espacio para la salud<\/em><\/li><li>Cap\u00edtulo 2: <em>La agroecolog\u00eda como el enfoque que resuelve<\/em><\/li><li>Cap\u00edtulo 3: <em>Ecosistemas culturales: valor del conocimiento compartido<\/em><\/li><li>Cap\u00edtulo 4: <em>Parcela Escuela<\/em><\/li><li>Bonustrack Cap\u00edtulo 5: <em>La mujer en la agroecolog\u00eda<\/em><\/li><\/ul><p><a href=\"https:\/\/www.youtube.com\/playlist?list=PL2zt6CeJ577Ld1yBZLsYpMgLKvRQgE0-9\" target=\"_blank\" rel=\"noopener\">Se activ\u00f3 un canal en YouTube para la difusi\u00f3n de la serie<\/a><\/p>\t\t\t\t\t\t\t\t<\/div>\n\t\t\t\t<\/div>\n\t\t\t\t<\/div>\n\t\t\t\t<\/div>\n\t\t<div class=\"elementor-element elementor-element-08a3943 e-con-full e-flex e-con e-child\" data-id=\"08a3943\" data-element_type=\"container\">\n\t\t<div class=\"elementor-element elementor-element-7a232bc e-con-full e-flex e-con e-child\" data-id=\"7a232bc\" data-element_type=\"container\">\n\t\t\t\t<div class=\"elementor-element elementor-element-3c5a2c9 elementor-widget elementor-widget-heading\" data-id=\"3c5a2c9\" data-element_type=\"widget\" data-widget_type=\"heading.default\">\n\t\t\t\t<div class=\"elementor-widget-container\">\n\t\t\t\t\t<h5 class=\"elementor-heading-title elementor-size-default\">Eventos y divulgaci\u00f3n:<\/h5>\t\t\t\t<\/div>\n\t\t\t\t<\/div>\n\t\t\t\t<div class=\"elementor-element elementor-element-daa6a53 elementor-widget elementor-widget-image\" data-id=\"daa6a53\" data-element_type=\"widget\" data-widget_type=\"image.default\">\n\t\t\t\t<div class=\"elementor-widget-container\">\n\t\t\t\t\t\t\t\t\t\t\t\t\t\t\t<img loading=\"lazy\" decoding=\"async\" width=\"750\" height=\"422\" src=\"https:\/\/mandalaquimbaya.org\/wp-content\/uploads\/2025\/05\/even.jpg\" class=\"attachment-large size-large wp-image-2677\" alt=\"\" srcset=\"https:\/\/mandalaquimbaya.org\/wp-content\/uploads\/2025\/05\/even.jpg 750w, https:\/\/mandalaquimbaya.org\/wp-content\/uploads\/2025\/05\/even-300x169.jpg 300w\" sizes=\"(max-width: 750px) 100vw, 750px\" \/>\t\t\t\t\t\t\t\t\t\t\t\t\t\t\t<\/div>\n\t\t\t\t<\/div>\n\t\t\t\t<div class=\"elementor-element elementor-element-e8717e1 elementor-widget elementor-widget-text-editor\" data-id=\"e8717e1\" data-element_type=\"widget\" data-widget_type=\"text-editor.default\">\n\t\t\t\t<div class=\"elementor-widget-container\">\n\t\t\t\t\t\t\t\t\t<ul><li>Se organiz\u00f3 un <strong>evento de presentaci\u00f3n<\/strong> de la serie documental el 17 de noviembre de 2023, en el auditorio de la Fundaci\u00f3n Carteros de la Noche en Quimbaya.<\/li><li>Se realizaron publicaciones de expectativa y promoci\u00f3n en redes sociales (Facebook e Instagram).<\/li><li>Cada cap\u00edtulo incluye cr\u00e9ditos a la Secretar\u00eda de Cultura Departamental.<\/li><\/ul>\t\t\t\t\t\t\t\t<\/div>\n\t\t\t\t<\/div>\n\t\t\t\t<\/div>\n\t\t\t\t<\/div>\n\t\t\t\t<\/div>\n\t\t<div class=\"elementor-element elementor-element-95ba9c9 e-flex e-con-boxed e-con e-parent\" data-id=\"95ba9c9\" data-element_type=\"container\" data-settings=\"{&quot;background_background&quot;:&quot;classic&quot;}\">\n\t\t\t\t\t<div class=\"e-con-inner\">\n\t\t\t\t<div class=\"elementor-element elementor-element-80551d2 elementor-widget elementor-widget-heading\" data-id=\"80551d2\" data-element_type=\"widget\" data-widget_type=\"heading.default\">\n\t\t\t\t<div class=\"elementor-widget-container\">\n\t\t\t\t\t<h2 class=\"elementor-heading-title elementor-size-default\">Oportunidades de colaboraci\u00f3n: c\u00f3mo sembrar juntos la transformaci\u00f3n<\/h2>\t\t\t\t<\/div>\n\t\t\t\t<\/div>\n\t\t\t\t\t<\/div>\n\t\t\t\t<\/div>\n\t\t<div class=\"elementor-element elementor-element-239b782 e-flex e-con-boxed e-con e-parent\" data-id=\"239b782\" data-element_type=\"container\" data-settings=\"{&quot;background_background&quot;:&quot;classic&quot;}\">\n\t\t\t\t\t<div class=\"e-con-inner\">\n\t\t<div class=\"elementor-element elementor-element-75dd035 e-con-full e-flex e-con e-child\" data-id=\"75dd035\" data-element_type=\"container\">\n\t\t\t\t<div class=\"elementor-element elementor-element-6ec10d5 elementor-widget elementor-widget-text-editor\" data-id=\"6ec10d5\" data-element_type=\"widget\" data-widget_type=\"text-editor.default\">\n\t\t\t\t<div class=\"elementor-widget-container\">\n\t\t\t\t\t\t\t\t\t<p><strong>Financiamiento directo:<\/strong> Las donaciones econ\u00f3micas permiten ampliar la cobertura de los proyectos, mejorar la producci\u00f3n de contenidos audiovisuales, incluir nuevas comunidades y fortalecer la infraestructura educativa de iniciativas como la Parcela Escuela. Cada aporte ayuda a que m\u00e1s j\u00f3venes y familias campesinas accedan a procesos de formaci\u00f3n, investigaci\u00f3n y valorizaci\u00f3n cultural.<\/p><p><strong>Voluntariado estrat\u00e9gico y alianzas corporativas:<\/strong> Las empresas u organizaciones sociales que deseen profundizar su impacto territorial pueden vincularse como aliados, ofreciendo mentor\u00edas, apoyo t\u00e9cnico, asesor\u00eda en comunicaciones, fortalecimiento organizacional o procesos de formaci\u00f3n. Esto se traduce en experiencias de alto valor compartido, donde el conocimiento del sector privado se pone al servicio del bien com\u00fan.<\/p>\t\t\t\t\t\t\t\t<\/div>\n\t\t\t\t<\/div>\n\t\t\t\t<\/div>\n\t\t<div class=\"elementor-element elementor-element-abf5adf e-con-full e-flex e-con e-child\" data-id=\"abf5adf\" data-element_type=\"container\">\n\t\t\t\t<div class=\"elementor-element elementor-element-cf0f434 elementor-widget elementor-widget-text-editor\" data-id=\"cf0f434\" data-element_type=\"widget\" data-widget_type=\"text-editor.default\">\n\t\t\t\t<div class=\"elementor-widget-container\">\n\t\t\t\t\t\t\t\t\t<p><strong>Expansi\u00f3n de redes y contactos:<\/strong> Un apoyo muy valioso es ayudar a tejer conexiones con instituciones educativas, redes culturales, universidades, entidades p\u00fablicas o medios de comunicaci\u00f3n que puedan sumar a la misi\u00f3n de revalorar los saberes campesinos y multiplicar su alcance.<\/p><p><strong>Donaciones en especie o apoyo log\u00edstico:<\/strong> C\u00e1maras, equipos de grabaci\u00f3n, plataformas tecnol\u00f3gicas, transporte o espacios para encuentros comunitarios son ejemplos concretos de insumos clave que pueden ser aportados para facilitar el desarrollo de los proyectos.<\/p><p><strong>Apoyo a la difusi\u00f3n:<\/strong> Compartir las producciones audiovisuales, invitar a nuevos p\u00fablicos a ver la docuserie, recomendar el trabajo en redes o abrir espacios de presentaci\u00f3n en eventos tambi\u00e9n es una forma poderosa de apoyar y amplificar el impacto.<\/p>\t\t\t\t\t\t\t\t<\/div>\n\t\t\t\t<\/div>\n\t\t\t\t<\/div>\n\t\t\t\t\t<\/div>\n\t\t\t\t<\/div>\n\t\t<div class=\"elementor-element elementor-element-d819fc9 e-flex e-con-boxed e-con e-parent\" data-id=\"d819fc9\" data-element_type=\"container\" data-settings=\"{&quot;background_background&quot;:&quot;classic&quot;}\">\n\t\t\t\t\t<div class=\"e-con-inner\">\n\t\t<div class=\"elementor-element elementor-element-78a02e0 e-con-full e-flex e-con e-child\" data-id=\"78a02e0\" data-element_type=\"container\">\n\t\t\t\t<div class=\"elementor-element elementor-element-0bb74f2 elementor-widget elementor-widget-heading\" data-id=\"0bb74f2\" data-element_type=\"widget\" data-widget_type=\"heading.default\">\n\t\t\t\t<div class=\"elementor-widget-container\">\n\t\t\t\t\t<h2 class=\"elementor-heading-title elementor-size-default\">Beneficios para los aliados estrat\u00e9gicos:<\/h2>\t\t\t\t<\/div>\n\t\t\t\t<\/div>\n\t\t\t\t<\/div>\n\t\t<div class=\"elementor-element elementor-element-e444908 e-con-full e-flex e-con e-child\" data-id=\"e444908\" data-element_type=\"container\">\n\t\t\t\t<div class=\"elementor-element elementor-element-502e901 elementor-widget elementor-widget-text-editor\" data-id=\"502e901\" data-element_type=\"widget\" data-widget_type=\"text-editor.default\">\n\t\t\t\t<div class=\"elementor-widget-container\">\n\t\t\t\t\t\t\t\t\t<p>Al colaborar con la <strong>Corporaci\u00f3n Mandala Quimbaya<\/strong>, los patrocinadores no solo aportan a un proyecto, sino que <strong>se suman a una causa que conecta educaci\u00f3n, territorio, cultura y sostenibilidad<\/strong>. Una alianza con Mandala es una oportunidad para crecer juntos desde el arraigo, el compromiso social y la innovaci\u00f3n comunitaria.<\/p>\t\t\t\t\t\t\t\t<\/div>\n\t\t\t\t<\/div>\n\t\t\t\t<\/div>\n\t\t\t\t\t<\/div>\n\t\t\t\t<\/div>\n\t\t<div class=\"elementor-element elementor-element-6374467 e-con-full e-flex e-con e-parent\" data-id=\"6374467\" data-element_type=\"container\">\n\t\t<div class=\"elementor-element elementor-element-91f0318 e-con-full e-flex e-con e-child\" data-id=\"91f0318\" data-element_type=\"container\">\n\t\t\t\t<div class=\"elementor-element elementor-element-7677b19 elementor-widget elementor-widget-text-editor\" data-id=\"7677b19\" data-element_type=\"widget\" data-widget_type=\"text-editor.default\">\n\t\t\t\t<div class=\"elementor-widget-container\">\n\t\t\t\t\t\t\t\t\t<p>Aliarse con la Corporaci\u00f3n Mandala Quimbaya significa mucho m\u00e1s que apoyar un proyecto social: es participar activamente en la construcci\u00f3n de un modelo de desarrollo territorial sostenible, agroecol\u00f3gico y con alto impacto social, cultural y ambiental. Para las empresas, esta colaboraci\u00f3n se traduce en beneficios tangibles e intangibles que fortalecen su reputaci\u00f3n, su estrategia de sostenibilidad y su conexi\u00f3n real con los territorios.<\/p><p><strong>&#8220;Sembrando Saberes\u201d<\/strong> es una oportunidad para que las empresas act\u00faen con prop\u00f3sito, desarrollen v\u00ednculos de confianza con el territorio y se conviertan en agentes activos de transformaci\u00f3n positiva, mientras fortalecen su estrategia de sostenibilidad y su impacto social.<\/p>\t\t\t\t\t\t\t\t<\/div>\n\t\t\t\t<\/div>\n\t\t\t\t<\/div>\n\t\t<div class=\"elementor-element elementor-element-4080456 e-con-full e-flex e-con e-child\" data-id=\"4080456\" data-element_type=\"container\">\n\t\t\t\t<div class=\"elementor-element elementor-element-763855e elementor-widget elementor-widget-n-accordion\" data-id=\"763855e\" data-element_type=\"widget\" data-settings=\"{&quot;default_state&quot;:&quot;all_collapsed&quot;,&quot;max_items_expended&quot;:&quot;one&quot;,&quot;n_accordion_animation_duration&quot;:{&quot;unit&quot;:&quot;ms&quot;,&quot;size&quot;:400,&quot;sizes&quot;:[]}}\" data-widget_type=\"nested-accordion.default\">\n\t\t\t\t<div class=\"elementor-widget-container\">\n\t\t\t\t\t\t\t<div class=\"e-n-accordion\" aria-label=\"Accordion. Open links with Enter or Space, close with Escape, and navigate with Arrow Keys\">\n\t\t\t\t\t\t<details id=\"e-n-accordion-item-1230\" class=\"e-n-accordion-item\" >\n\t\t\t\t<summary class=\"e-n-accordion-item-title\" data-accordion-index=\"1\" tabindex=\"0\" aria-expanded=\"false\" aria-controls=\"e-n-accordion-item-1230\" >\n\t\t\t\t\t<span class='e-n-accordion-item-title-header'><div class=\"e-n-accordion-item-title-text\"> Posicionamiento y reputaci\u00f3n socialmente responsable: <\/div><\/span>\n\t\t\t\t\t\t\t<span class='e-n-accordion-item-title-icon'>\n\t\t\t<span class='e-opened' ><svg aria-hidden=\"true\" class=\"e-font-icon-svg e-far-arrow-alt-circle-up\" viewBox=\"0 0 512 512\" xmlns=\"http:\/\/www.w3.org\/2000\/svg\"><path d=\"M256 504c137 0 248-111 248-248S393 8 256 8 8 119 8 256s111 248 248 248zm0-448c110.5 0 200 89.5 200 200s-89.5 200-200 200S56 366.5 56 256 145.5 56 256 56zm20 328h-40c-6.6 0-12-5.4-12-12V256h-67c-10.7 0-16-12.9-8.5-20.5l99-99c4.7-4.7 12.3-4.7 17 0l99 99c7.6 7.6 2.2 20.5-8.5 20.5h-67v116c0 6.6-5.4 12-12 12z\"><\/path><\/svg><\/span>\n\t\t\t<span class='e-closed'><svg aria-hidden=\"true\" class=\"e-font-icon-svg e-far-arrow-alt-circle-right\" viewBox=\"0 0 512 512\" xmlns=\"http:\/\/www.w3.org\/2000\/svg\"><path d=\"M504 256C504 119 393 8 256 8S8 119 8 256s111 248 248 248 248-111 248-248zm-448 0c0-110.5 89.5-200 200-200s200 89.5 200 200-89.5 200-200 200S56 366.5 56 256zm72 20v-40c0-6.6 5.4-12 12-12h116v-67c0-10.7 12.9-16 20.5-8.5l99 99c4.7 4.7 4.7 12.3 0 17l-99 99c-7.6 7.6-20.5 2.2-20.5-8.5v-67H140c-6.6 0-12-5.4-12-12z\"><\/path><\/svg><\/span>\n\t\t<\/span>\n\n\t\t\t\t\t\t<\/summary>\n\t\t\t\t<div role=\"region\" aria-labelledby=\"e-n-accordion-item-1230\" class=\"elementor-element elementor-element-954e46e e-con-full e-flex e-con e-child\" data-id=\"954e46e\" data-element_type=\"container\">\n\t\t\t\t<div class=\"elementor-element elementor-element-d33435c elementor-widget elementor-widget-text-editor\" data-id=\"d33435c\" data-element_type=\"widget\" data-widget_type=\"text-editor.default\">\n\t\t\t\t<div class=\"elementor-widget-container\">\n\t\t\t\t\t\t\t\t\t<p>Asociar la marca con proyectos que promueven la agroecolog\u00eda, la sostenibilidad, el patrimonio biocultural y la educaci\u00f3n comunitaria mejora significativamente la percepci\u00f3n de la empresa frente a clientes, colaboradores e inversionistas, aline\u00e1ndola con los Objetivos de Desarrollo Sostenible (ODS), en particular el ODS 2 (Hambre Cero), ODS 4 (Educaci\u00f3n de calidad), ODS 12 (Producci\u00f3n y consumo responsables) y ODS 13 (Acci\u00f3n por el clima).<\/p>\t\t\t\t\t\t\t\t<\/div>\n\t\t\t\t<\/div>\n\t\t\t\t<\/div>\n\t\t\t\t\t<\/details>\n\t\t\t\t\t\t<details id=\"e-n-accordion-item-1231\" class=\"e-n-accordion-item\" >\n\t\t\t\t<summary class=\"e-n-accordion-item-title\" data-accordion-index=\"2\" tabindex=\"-1\" aria-expanded=\"false\" aria-controls=\"e-n-accordion-item-1231\" >\n\t\t\t\t\t<span class='e-n-accordion-item-title-header'><div class=\"e-n-accordion-item-title-text\"> Visibilidad estrat\u00e9gica de la marca: <\/div><\/span>\n\t\t\t\t\t\t\t<span class='e-n-accordion-item-title-icon'>\n\t\t\t<span class='e-opened' ><svg aria-hidden=\"true\" class=\"e-font-icon-svg e-far-arrow-alt-circle-up\" viewBox=\"0 0 512 512\" xmlns=\"http:\/\/www.w3.org\/2000\/svg\"><path d=\"M256 504c137 0 248-111 248-248S393 8 256 8 8 119 8 256s111 248 248 248zm0-448c110.5 0 200 89.5 200 200s-89.5 200-200 200S56 366.5 56 256 145.5 56 256 56zm20 328h-40c-6.6 0-12-5.4-12-12V256h-67c-10.7 0-16-12.9-8.5-20.5l99-99c4.7-4.7 12.3-4.7 17 0l99 99c7.6 7.6 2.2 20.5-8.5 20.5h-67v116c0 6.6-5.4 12-12 12z\"><\/path><\/svg><\/span>\n\t\t\t<span class='e-closed'><svg aria-hidden=\"true\" class=\"e-font-icon-svg e-far-arrow-alt-circle-right\" viewBox=\"0 0 512 512\" xmlns=\"http:\/\/www.w3.org\/2000\/svg\"><path d=\"M504 256C504 119 393 8 256 8S8 119 8 256s111 248 248 248 248-111 248-248zm-448 0c0-110.5 89.5-200 200-200s200 89.5 200 200-89.5 200-200 200S56 366.5 56 256zm72 20v-40c0-6.6 5.4-12 12-12h116v-67c0-10.7 12.9-16 20.5-8.5l99 99c4.7 4.7 4.7 12.3 0 17l-99 99c-7.6 7.6-20.5 2.2-20.5-8.5v-67H140c-6.6 0-12-5.4-12-12z\"><\/path><\/svg><\/span>\n\t\t<\/span>\n\n\t\t\t\t\t\t<\/summary>\n\t\t\t\t<div role=\"region\" aria-labelledby=\"e-n-accordion-item-1231\" class=\"elementor-element elementor-element-691f6f1 e-con-full e-flex e-con e-child\" data-id=\"691f6f1\" data-element_type=\"container\">\n\t\t\t\t<div class=\"elementor-element elementor-element-899e461 elementor-widget elementor-widget-text-editor\" data-id=\"899e461\" data-element_type=\"widget\" data-widget_type=\"text-editor.default\">\n\t\t\t\t<div class=\"elementor-widget-container\">\n\t\t\t\t\t\t\t\t\t<p>Los patrocinadores tendr\u00e1n presencia destacada en la serie documental y en todos los materiales de comunicaci\u00f3n (redes sociales, eventos, canal de YouTube, piezas gr\u00e1ficas y audiovisuales). Esto se traduce en una narrativa positiva y coherente que humaniza la marca y la vincula a historias reales de transformaci\u00f3n social.<\/p>\t\t\t\t\t\t\t\t<\/div>\n\t\t\t\t<\/div>\n\t\t\t\t<\/div>\n\t\t\t\t\t<\/details>\n\t\t\t\t\t\t<details id=\"e-n-accordion-item-1232\" class=\"e-n-accordion-item\" >\n\t\t\t\t<summary class=\"e-n-accordion-item-title\" data-accordion-index=\"3\" tabindex=\"-1\" aria-expanded=\"false\" aria-controls=\"e-n-accordion-item-1232\" >\n\t\t\t\t\t<span class='e-n-accordion-item-title-header'><div class=\"e-n-accordion-item-title-text\"> Participaci\u00f3n en eventos comunitarios: <\/div><\/span>\n\t\t\t\t\t\t\t<span class='e-n-accordion-item-title-icon'>\n\t\t\t<span class='e-opened' ><svg aria-hidden=\"true\" class=\"e-font-icon-svg e-far-arrow-alt-circle-up\" viewBox=\"0 0 512 512\" xmlns=\"http:\/\/www.w3.org\/2000\/svg\"><path d=\"M256 504c137 0 248-111 248-248S393 8 256 8 8 119 8 256s111 248 248 248zm0-448c110.5 0 200 89.5 200 200s-89.5 200-200 200S56 366.5 56 256 145.5 56 256 56zm20 328h-40c-6.6 0-12-5.4-12-12V256h-67c-10.7 0-16-12.9-8.5-20.5l99-99c4.7-4.7 12.3-4.7 17 0l99 99c7.6 7.6 2.2 20.5-8.5 20.5h-67v116c0 6.6-5.4 12-12 12z\"><\/path><\/svg><\/span>\n\t\t\t<span class='e-closed'><svg aria-hidden=\"true\" class=\"e-font-icon-svg e-far-arrow-alt-circle-right\" viewBox=\"0 0 512 512\" xmlns=\"http:\/\/www.w3.org\/2000\/svg\"><path d=\"M504 256C504 119 393 8 256 8S8 119 8 256s111 248 248 248 248-111 248-248zm-448 0c0-110.5 89.5-200 200-200s200 89.5 200 200-89.5 200-200 200S56 366.5 56 256zm72 20v-40c0-6.6 5.4-12 12-12h116v-67c0-10.7 12.9-16 20.5-8.5l99 99c4.7 4.7 4.7 12.3 0 17l-99 99c-7.6 7.6-20.5 2.2-20.5-8.5v-67H140c-6.6 0-12-5.4-12-12z\"><\/path><\/svg><\/span>\n\t\t<\/span>\n\n\t\t\t\t\t\t<\/summary>\n\t\t\t\t<div role=\"region\" aria-labelledby=\"e-n-accordion-item-1232\" class=\"elementor-element elementor-element-97be8ad e-con-full e-flex e-con e-child\" data-id=\"97be8ad\" data-element_type=\"container\">\n\t\t\t\t<div class=\"elementor-element elementor-element-95ef258 elementor-widget elementor-widget-text-editor\" data-id=\"95ef258\" data-element_type=\"widget\" data-widget_type=\"text-editor.default\">\n\t\t\t\t<div class=\"elementor-widget-container\">\n\t\t\t\t\t\t\t\t\t<p>Las empresas podr\u00e1n participar en actividades con las comunidades rurales y educativas, generando espacios de di\u00e1logo directo, aprendizaje mutuo, voluntariado corporativo o incluso desarrollo conjunto de proyectos de innovaci\u00f3n social y ambiental.<\/p>\t\t\t\t\t\t\t\t<\/div>\n\t\t\t\t<\/div>\n\t\t\t\t<\/div>\n\t\t\t\t\t<\/details>\n\t\t\t\t\t\t<details id=\"e-n-accordion-item-1233\" class=\"e-n-accordion-item\" >\n\t\t\t\t<summary class=\"e-n-accordion-item-title\" data-accordion-index=\"4\" tabindex=\"-1\" aria-expanded=\"false\" aria-controls=\"e-n-accordion-item-1233\" >\n\t\t\t\t\t<span class='e-n-accordion-item-title-header'><div class=\"e-n-accordion-item-title-text\"> Contribuci\u00f3n medible al impacto social: <\/div><\/span>\n\t\t\t\t\t\t\t<span class='e-n-accordion-item-title-icon'>\n\t\t\t<span class='e-opened' ><svg aria-hidden=\"true\" class=\"e-font-icon-svg e-far-arrow-alt-circle-up\" viewBox=\"0 0 512 512\" xmlns=\"http:\/\/www.w3.org\/2000\/svg\"><path d=\"M256 504c137 0 248-111 248-248S393 8 256 8 8 119 8 256s111 248 248 248zm0-448c110.5 0 200 89.5 200 200s-89.5 200-200 200S56 366.5 56 256 145.5 56 256 56zm20 328h-40c-6.6 0-12-5.4-12-12V256h-67c-10.7 0-16-12.9-8.5-20.5l99-99c4.7-4.7 12.3-4.7 17 0l99 99c7.6 7.6 2.2 20.5-8.5 20.5h-67v116c0 6.6-5.4 12-12 12z\"><\/path><\/svg><\/span>\n\t\t\t<span class='e-closed'><svg aria-hidden=\"true\" class=\"e-font-icon-svg e-far-arrow-alt-circle-right\" viewBox=\"0 0 512 512\" xmlns=\"http:\/\/www.w3.org\/2000\/svg\"><path d=\"M504 256C504 119 393 8 256 8S8 119 8 256s111 248 248 248 248-111 248-248zm-448 0c0-110.5 89.5-200 200-200s200 89.5 200 200-89.5 200-200 200S56 366.5 56 256zm72 20v-40c0-6.6 5.4-12 12-12h116v-67c0-10.7 12.9-16 20.5-8.5l99 99c4.7 4.7 4.7 12.3 0 17l-99 99c-7.6 7.6-20.5 2.2-20.5-8.5v-67H140c-6.6 0-12-5.4-12-12z\"><\/path><\/svg><\/span>\n\t\t<\/span>\n\n\t\t\t\t\t\t<\/summary>\n\t\t\t\t<div role=\"region\" aria-labelledby=\"e-n-accordion-item-1233\" class=\"elementor-element elementor-element-85e22a7 e-con-full e-flex e-con e-child\" data-id=\"85e22a7\" data-element_type=\"container\">\n\t\t\t\t<div class=\"elementor-element elementor-element-9d4d868 elementor-widget elementor-widget-text-editor\" data-id=\"9d4d868\" data-element_type=\"widget\" data-widget_type=\"text-editor.default\">\n\t\t\t\t<div class=\"elementor-widget-container\">\n\t\t\t\t\t\t\t\t\t<p>Mandala Quimbaya garantiza una gesti\u00f3n transparente, indicadores de impacto claros y sistematizaci\u00f3n de aprendizajes, lo que permite a los patrocinadores comunicar con evidencia su contribuci\u00f3n al desarrollo del pa\u00eds y al fortalecimiento de comunidades rurales.<\/p>\t\t\t\t\t\t\t\t<\/div>\n\t\t\t\t<\/div>\n\t\t\t\t<\/div>\n\t\t\t\t\t<\/details>\n\t\t\t\t\t\t<details id=\"e-n-accordion-item-1234\" class=\"e-n-accordion-item\" >\n\t\t\t\t<summary class=\"e-n-accordion-item-title\" data-accordion-index=\"5\" tabindex=\"-1\" aria-expanded=\"false\" aria-controls=\"e-n-accordion-item-1234\" >\n\t\t\t\t\t<span class='e-n-accordion-item-title-header'><div class=\"e-n-accordion-item-title-text\"> Alianzas personalizadas y co-creaci\u00f3n: <\/div><\/span>\n\t\t\t\t\t\t\t<span class='e-n-accordion-item-title-icon'>\n\t\t\t<span class='e-opened' ><svg aria-hidden=\"true\" class=\"e-font-icon-svg e-far-arrow-alt-circle-up\" viewBox=\"0 0 512 512\" xmlns=\"http:\/\/www.w3.org\/2000\/svg\"><path d=\"M256 504c137 0 248-111 248-248S393 8 256 8 8 119 8 256s111 248 248 248zm0-448c110.5 0 200 89.5 200 200s-89.5 200-200 200S56 366.5 56 256 145.5 56 256 56zm20 328h-40c-6.6 0-12-5.4-12-12V256h-67c-10.7 0-16-12.9-8.5-20.5l99-99c4.7-4.7 12.3-4.7 17 0l99 99c7.6 7.6 2.2 20.5-8.5 20.5h-67v116c0 6.6-5.4 12-12 12z\"><\/path><\/svg><\/span>\n\t\t\t<span class='e-closed'><svg aria-hidden=\"true\" class=\"e-font-icon-svg e-far-arrow-alt-circle-right\" viewBox=\"0 0 512 512\" xmlns=\"http:\/\/www.w3.org\/2000\/svg\"><path d=\"M504 256C504 119 393 8 256 8S8 119 8 256s111 248 248 248 248-111 248-248zm-448 0c0-110.5 89.5-200 200-200s200 89.5 200 200-89.5 200-200 200S56 366.5 56 256zm72 20v-40c0-6.6 5.4-12 12-12h116v-67c0-10.7 12.9-16 20.5-8.5l99 99c4.7 4.7 4.7 12.3 0 17l-99 99c-7.6 7.6-20.5 2.2-20.5-8.5v-67H140c-6.6 0-12-5.4-12-12z\"><\/path><\/svg><\/span>\n\t\t<\/span>\n\n\t\t\t\t\t\t<\/summary>\n\t\t\t\t<div role=\"region\" aria-labelledby=\"e-n-accordion-item-1234\" class=\"elementor-element elementor-element-43038c6 e-con-full e-flex e-con e-child\" data-id=\"43038c6\" data-element_type=\"container\">\n\t\t\t\t<div class=\"elementor-element elementor-element-66cea8d elementor-widget elementor-widget-text-editor\" data-id=\"66cea8d\" data-element_type=\"widget\" data-widget_type=\"text-editor.default\">\n\t\t\t\t<div class=\"elementor-widget-container\">\n\t\t\t\t\t\t\t\t\t<p>Desde nuestra metodolog\u00eda de trabajo basada en la Investigaci\u00f3n Acci\u00f3n Participativa (IAP), dise\u00f1amos experiencias y estrategias a la medida de cada aliado, facilitando un proceso de co-creaci\u00f3n donde la empresa tambi\u00e9n aprende, crece e innova junto con la comunidad.<\/p>\t\t\t\t\t\t\t\t<\/div>\n\t\t\t\t<\/div>\n\t\t\t\t<\/div>\n\t\t\t\t\t<\/details>\n\t\t\t\t\t<\/div>\n\t\t\t\t\t\t<\/div>\n\t\t\t\t<\/div>\n\t\t\t\t<\/div>\n\t\t\t\t<\/div>\n\t\t<div class=\"elementor-element elementor-element-f0a7f3b e-flex e-con-boxed e-con e-parent\" data-id=\"f0a7f3b\" data-element_type=\"container\">\n\t\t\t\t\t<div class=\"e-con-inner\">\n\t\t\t\t<div class=\"elementor-element elementor-element-bec90fe elementor-widget elementor-widget-heading\" data-id=\"bec90fe\" data-element_type=\"widget\" data-widget_type=\"heading.default\">\n\t\t\t\t<div class=\"elementor-widget-container\">\n\t\t\t\t\t<h2 class=\"elementor-heading-title elementor-size-default\">Impacto y Resultados Esperados del Proyecto \n<br>\u201cSembrando Saberes\u201d<\/h2>\t\t\t\t<\/div>\n\t\t\t\t<\/div>\n\t\t\t\t\t<\/div>\n\t\t\t\t<\/div>\n\t\t<div class=\"elementor-element elementor-element-5db6cd2 e-flex e-con-boxed e-con e-parent\" data-id=\"5db6cd2\" data-element_type=\"container\">\n\t\t\t\t\t<div class=\"e-con-inner\">\n\t\t\t\t<div class=\"elementor-element elementor-element-d771ab9 elementor-widget elementor-widget-text-editor\" data-id=\"d771ab9\" data-element_type=\"widget\" data-widget_type=\"text-editor.default\">\n\t\t\t\t<div class=\"elementor-widget-container\">\n\t\t\t\t\t\t\t\t\t<p><strong>\u201cSembrando Saberes\u201d ha sido m\u00e1s que una serie documental: ha sido una herramienta viva para reconstruir la memoria campesina y revitalizar el arraigo cultural en el territorio quindiano.<\/strong> A trav\u00e9s de una metodolog\u00eda participativa y colaborativa, este proyecto ha generado impactos concretos y sostenibles en las comunidades rurales del municipio de Quimbaya:<\/p>\t\t\t\t\t\t\t\t<\/div>\n\t\t\t\t<\/div>\n\t\t\t\t\t<\/div>\n\t\t\t\t<\/div>\n\t\t<div class=\"elementor-element elementor-element-2bbb78d e-flex e-con-boxed e-con e-parent\" data-id=\"2bbb78d\" data-element_type=\"container\">\n\t\t\t\t\t<div class=\"e-con-inner\">\n\t\t<div class=\"elementor-element elementor-element-e23d94b e-con-full e-flex e-con e-child\" data-id=\"e23d94b\" data-element_type=\"container\">\n\t\t\t\t<div class=\"elementor-element elementor-element-5457bd7 elementor-widget elementor-widget-n-accordion\" data-id=\"5457bd7\" data-element_type=\"widget\" data-settings=\"{&quot;default_state&quot;:&quot;all_collapsed&quot;,&quot;max_items_expended&quot;:&quot;one&quot;,&quot;n_accordion_animation_duration&quot;:{&quot;unit&quot;:&quot;ms&quot;,&quot;size&quot;:400,&quot;sizes&quot;:[]}}\" data-widget_type=\"nested-accordion.default\">\n\t\t\t\t<div class=\"elementor-widget-container\">\n\t\t\t\t\t\t\t<div class=\"e-n-accordion\" aria-label=\"Accordion. Open links with Enter or Space, close with Escape, and navigate with Arrow Keys\">\n\t\t\t\t\t\t<details id=\"e-n-accordion-item-8840\" class=\"e-n-accordion-item\" >\n\t\t\t\t<summary class=\"e-n-accordion-item-title\" data-accordion-index=\"1\" tabindex=\"0\" aria-expanded=\"false\" aria-controls=\"e-n-accordion-item-8840\" >\n\t\t\t\t\t<span class='e-n-accordion-item-title-header'><div class=\"e-n-accordion-item-title-text\"> Fortalecimiento de la identidad campesina: <\/div><\/span>\n\t\t\t\t\t\t\t<span class='e-n-accordion-item-title-icon'>\n\t\t\t<span class='e-opened' ><svg aria-hidden=\"true\" class=\"e-font-icon-svg e-far-arrow-alt-circle-up\" viewBox=\"0 0 512 512\" xmlns=\"http:\/\/www.w3.org\/2000\/svg\"><path d=\"M256 504c137 0 248-111 248-248S393 8 256 8 8 119 8 256s111 248 248 248zm0-448c110.5 0 200 89.5 200 200s-89.5 200-200 200S56 366.5 56 256 145.5 56 256 56zm20 328h-40c-6.6 0-12-5.4-12-12V256h-67c-10.7 0-16-12.9-8.5-20.5l99-99c4.7-4.7 12.3-4.7 17 0l99 99c7.6 7.6 2.2 20.5-8.5 20.5h-67v116c0 6.6-5.4 12-12 12z\"><\/path><\/svg><\/span>\n\t\t\t<span class='e-closed'><svg aria-hidden=\"true\" class=\"e-font-icon-svg e-far-arrow-alt-circle-right\" viewBox=\"0 0 512 512\" xmlns=\"http:\/\/www.w3.org\/2000\/svg\"><path d=\"M504 256C504 119 393 8 256 8S8 119 8 256s111 248 248 248 248-111 248-248zm-448 0c0-110.5 89.5-200 200-200s200 89.5 200 200-89.5 200-200 200S56 366.5 56 256zm72 20v-40c0-6.6 5.4-12 12-12h116v-67c0-10.7 12.9-16 20.5-8.5l99 99c4.7 4.7 4.7 12.3 0 17l-99 99c-7.6 7.6-20.5 2.2-20.5-8.5v-67H140c-6.6 0-12-5.4-12-12z\"><\/path><\/svg><\/span>\n\t\t<\/span>\n\n\t\t\t\t\t\t<\/summary>\n\t\t\t\t<div role=\"region\" aria-labelledby=\"e-n-accordion-item-8840\" class=\"elementor-element elementor-element-c092fd9 e-con-full e-flex e-con e-child\" data-id=\"c092fd9\" data-element_type=\"container\">\n\t\t\t\t<div class=\"elementor-element elementor-element-daf1a29 elementor-widget elementor-widget-text-editor\" data-id=\"daf1a29\" data-element_type=\"widget\" data-widget_type=\"text-editor.default\">\n\t\t\t\t<div class=\"elementor-widget-container\">\n\t\t\t\t\t\t\t\t\t<p>La documentaci\u00f3n de saberes tradicionales permiti\u00f3 que campesinos y sabedores se sintieran reconocidos y valorados, impulsando su autoestima, dignidad cultural y sentido de pertenencia territorial.<\/p>\t\t\t\t\t\t\t\t<\/div>\n\t\t\t\t<\/div>\n\t\t\t\t<\/div>\n\t\t\t\t\t<\/details>\n\t\t\t\t\t\t<details id=\"e-n-accordion-item-8841\" class=\"e-n-accordion-item\" >\n\t\t\t\t<summary class=\"e-n-accordion-item-title\" data-accordion-index=\"2\" tabindex=\"-1\" aria-expanded=\"false\" aria-controls=\"e-n-accordion-item-8841\" >\n\t\t\t\t\t<span class='e-n-accordion-item-title-header'><div class=\"e-n-accordion-item-title-text\"> Participaci\u00f3n comunitaria activa: <\/div><\/span>\n\t\t\t\t\t\t\t<span class='e-n-accordion-item-title-icon'>\n\t\t\t<span class='e-opened' ><svg aria-hidden=\"true\" class=\"e-font-icon-svg e-far-arrow-alt-circle-up\" viewBox=\"0 0 512 512\" xmlns=\"http:\/\/www.w3.org\/2000\/svg\"><path d=\"M256 504c137 0 248-111 248-248S393 8 256 8 8 119 8 256s111 248 248 248zm0-448c110.5 0 200 89.5 200 200s-89.5 200-200 200S56 366.5 56 256 145.5 56 256 56zm20 328h-40c-6.6 0-12-5.4-12-12V256h-67c-10.7 0-16-12.9-8.5-20.5l99-99c4.7-4.7 12.3-4.7 17 0l99 99c7.6 7.6 2.2 20.5-8.5 20.5h-67v116c0 6.6-5.4 12-12 12z\"><\/path><\/svg><\/span>\n\t\t\t<span class='e-closed'><svg aria-hidden=\"true\" class=\"e-font-icon-svg e-far-arrow-alt-circle-right\" viewBox=\"0 0 512 512\" xmlns=\"http:\/\/www.w3.org\/2000\/svg\"><path d=\"M504 256C504 119 393 8 256 8S8 119 8 256s111 248 248 248 248-111 248-248zm-448 0c0-110.5 89.5-200 200-200s200 89.5 200 200-89.5 200-200 200S56 366.5 56 256zm72 20v-40c0-6.6 5.4-12 12-12h116v-67c0-10.7 12.9-16 20.5-8.5l99 99c4.7 4.7 4.7 12.3 0 17l-99 99c-7.6 7.6-20.5 2.2-20.5-8.5v-67H140c-6.6 0-12-5.4-12-12z\"><\/path><\/svg><\/span>\n\t\t<\/span>\n\n\t\t\t\t\t\t<\/summary>\n\t\t\t\t<div role=\"region\" aria-labelledby=\"e-n-accordion-item-8841\" class=\"elementor-element elementor-element-fc22a3c e-con-full e-flex e-con e-child\" data-id=\"fc22a3c\" data-element_type=\"container\">\n\t\t\t\t<div class=\"elementor-element elementor-element-25979e0 elementor-widget elementor-widget-text-editor\" data-id=\"25979e0\" data-element_type=\"widget\" data-widget_type=\"text-editor.default\">\n\t\t\t\t<div class=\"elementor-widget-container\">\n\t\t\t\t\t\t\t\t\t<p>M\u00e1s de <strong>2.900 personas beneficiadas<\/strong>, entre estudiantes, campesinos, sabedores, familias rurales, j\u00f3venes y audiencia digital. El proyecto logr\u00f3 involucrar a la comunidad educativa, actores sociales, aliados del sector p\u00fablico y privado, y ciudadan\u00eda rural.<\/p>\t\t\t\t\t\t\t\t<\/div>\n\t\t\t\t<\/div>\n\t\t\t\t<\/div>\n\t\t\t\t\t<\/details>\n\t\t\t\t\t\t<details id=\"e-n-accordion-item-8842\" class=\"e-n-accordion-item\" >\n\t\t\t\t<summary class=\"e-n-accordion-item-title\" data-accordion-index=\"3\" tabindex=\"-1\" aria-expanded=\"false\" aria-controls=\"e-n-accordion-item-8842\" >\n\t\t\t\t\t<span class='e-n-accordion-item-title-header'><div class=\"e-n-accordion-item-title-text\"> Educaci\u00f3n intergeneracional para el relevo rural: <\/div><\/span>\n\t\t\t\t\t\t\t<span class='e-n-accordion-item-title-icon'>\n\t\t\t<span class='e-opened' ><svg aria-hidden=\"true\" class=\"e-font-icon-svg e-far-arrow-alt-circle-up\" viewBox=\"0 0 512 512\" xmlns=\"http:\/\/www.w3.org\/2000\/svg\"><path d=\"M256 504c137 0 248-111 248-248S393 8 256 8 8 119 8 256s111 248 248 248zm0-448c110.5 0 200 89.5 200 200s-89.5 200-200 200S56 366.5 56 256 145.5 56 256 56zm20 328h-40c-6.6 0-12-5.4-12-12V256h-67c-10.7 0-16-12.9-8.5-20.5l99-99c4.7-4.7 12.3-4.7 17 0l99 99c7.6 7.6 2.2 20.5-8.5 20.5h-67v116c0 6.6-5.4 12-12 12z\"><\/path><\/svg><\/span>\n\t\t\t<span class='e-closed'><svg aria-hidden=\"true\" class=\"e-font-icon-svg e-far-arrow-alt-circle-right\" viewBox=\"0 0 512 512\" xmlns=\"http:\/\/www.w3.org\/2000\/svg\"><path d=\"M504 256C504 119 393 8 256 8S8 119 8 256s111 248 248 248 248-111 248-248zm-448 0c0-110.5 89.5-200 200-200s200 89.5 200 200-89.5 200-200 200S56 366.5 56 256zm72 20v-40c0-6.6 5.4-12 12-12h116v-67c0-10.7 12.9-16 20.5-8.5l99 99c4.7 4.7 4.7 12.3 0 17l-99 99c-7.6 7.6-20.5 2.2-20.5-8.5v-67H140c-6.6 0-12-5.4-12-12z\"><\/path><\/svg><\/span>\n\t\t<\/span>\n\n\t\t\t\t\t\t<\/summary>\n\t\t\t\t<div role=\"region\" aria-labelledby=\"e-n-accordion-item-8842\" class=\"elementor-element elementor-element-ae9dd4b e-con-full e-flex e-con e-child\" data-id=\"ae9dd4b\" data-element_type=\"container\">\n\t\t\t\t<div class=\"elementor-element elementor-element-f2b33b0 elementor-widget elementor-widget-text-editor\" data-id=\"f2b33b0\" data-element_type=\"widget\" data-widget_type=\"text-editor.default\">\n\t\t\t\t<div class=\"elementor-widget-container\">\n\t\t\t\t\t\t\t\t\t<p>Se involucraron estudiantes de la Instituci\u00f3n Educativa Naranjal en procesos de investigaci\u00f3n etnogr\u00e1fica y audiovisual, propiciando aprendizajes significativos sobre pr\u00e1cticas agroecol\u00f3gicas, patrimonio alimentario y ecosistemas culturales.<\/p>\t\t\t\t\t\t\t\t<\/div>\n\t\t\t\t<\/div>\n\t\t\t\t<\/div>\n\t\t\t\t\t<\/details>\n\t\t\t\t\t\t<details id=\"e-n-accordion-item-8843\" class=\"e-n-accordion-item\" >\n\t\t\t\t<summary class=\"e-n-accordion-item-title\" data-accordion-index=\"4\" tabindex=\"-1\" aria-expanded=\"false\" aria-controls=\"e-n-accordion-item-8843\" >\n\t\t\t\t\t<span class='e-n-accordion-item-title-header'><div class=\"e-n-accordion-item-title-text\"> Producci\u00f3n y circulaci\u00f3n de contenidos audiovisuales: <\/div><\/span>\n\t\t\t\t\t\t\t<span class='e-n-accordion-item-title-icon'>\n\t\t\t<span class='e-opened' ><svg aria-hidden=\"true\" class=\"e-font-icon-svg e-far-arrow-alt-circle-up\" viewBox=\"0 0 512 512\" xmlns=\"http:\/\/www.w3.org\/2000\/svg\"><path d=\"M256 504c137 0 248-111 248-248S393 8 256 8 8 119 8 256s111 248 248 248zm0-448c110.5 0 200 89.5 200 200s-89.5 200-200 200S56 366.5 56 256 145.5 56 256 56zm20 328h-40c-6.6 0-12-5.4-12-12V256h-67c-10.7 0-16-12.9-8.5-20.5l99-99c4.7-4.7 12.3-4.7 17 0l99 99c7.6 7.6 2.2 20.5-8.5 20.5h-67v116c0 6.6-5.4 12-12 12z\"><\/path><\/svg><\/span>\n\t\t\t<span class='e-closed'><svg aria-hidden=\"true\" class=\"e-font-icon-svg e-far-arrow-alt-circle-right\" viewBox=\"0 0 512 512\" xmlns=\"http:\/\/www.w3.org\/2000\/svg\"><path d=\"M504 256C504 119 393 8 256 8S8 119 8 256s111 248 248 248 248-111 248-248zm-448 0c0-110.5 89.5-200 200-200s200 89.5 200 200-89.5 200-200 200S56 366.5 56 256zm72 20v-40c0-6.6 5.4-12 12-12h116v-67c0-10.7 12.9-16 20.5-8.5l99 99c4.7 4.7 4.7 12.3 0 17l-99 99c-7.6 7.6-20.5 2.2-20.5-8.5v-67H140c-6.6 0-12-5.4-12-12z\"><\/path><\/svg><\/span>\n\t\t<\/span>\n\n\t\t\t\t\t\t<\/summary>\n\t\t\t\t<div role=\"region\" aria-labelledby=\"e-n-accordion-item-8843\" class=\"elementor-element elementor-element-bfa2b3c e-con-full e-flex e-con e-child\" data-id=\"bfa2b3c\" data-element_type=\"container\">\n\t\t\t\t<div class=\"elementor-element elementor-element-91e5ffb elementor-widget elementor-widget-text-editor\" data-id=\"91e5ffb\" data-element_type=\"widget\" data-widget_type=\"text-editor.default\">\n\t\t\t\t<div class=\"elementor-widget-container\">\n\t\t\t\t\t\t\t\t\t<p>Se cre\u00f3 una <strong>serie documental de 4 cap\u00edtulos + un bonustrack<\/strong>, ampliamente difundida en redes sociales, YouTube y eventos culturales. Los cap\u00edtulos se convirtieron en recursos pedag\u00f3gicos y de sensibilizaci\u00f3n accesibles para toda la comunidad.<\/p>\t\t\t\t\t\t\t\t<\/div>\n\t\t\t\t<\/div>\n\t\t\t\t<\/div>\n\t\t\t\t\t<\/details>\n\t\t\t\t\t\t<details id=\"e-n-accordion-item-8844\" class=\"e-n-accordion-item\" >\n\t\t\t\t<summary class=\"e-n-accordion-item-title\" data-accordion-index=\"5\" tabindex=\"-1\" aria-expanded=\"false\" aria-controls=\"e-n-accordion-item-8844\" >\n\t\t\t\t\t<span class='e-n-accordion-item-title-header'><div class=\"e-n-accordion-item-title-text\"> Transformaci\u00f3n de imaginarios: <\/div><\/span>\n\t\t\t\t\t\t\t<span class='e-n-accordion-item-title-icon'>\n\t\t\t<span class='e-opened' ><svg aria-hidden=\"true\" class=\"e-font-icon-svg e-far-arrow-alt-circle-up\" viewBox=\"0 0 512 512\" xmlns=\"http:\/\/www.w3.org\/2000\/svg\"><path d=\"M256 504c137 0 248-111 248-248S393 8 256 8 8 119 8 256s111 248 248 248zm0-448c110.5 0 200 89.5 200 200s-89.5 200-200 200S56 366.5 56 256 145.5 56 256 56zm20 328h-40c-6.6 0-12-5.4-12-12V256h-67c-10.7 0-16-12.9-8.5-20.5l99-99c4.7-4.7 12.3-4.7 17 0l99 99c7.6 7.6 2.2 20.5-8.5 20.5h-67v116c0 6.6-5.4 12-12 12z\"><\/path><\/svg><\/span>\n\t\t\t<span class='e-closed'><svg aria-hidden=\"true\" class=\"e-font-icon-svg e-far-arrow-alt-circle-right\" viewBox=\"0 0 512 512\" xmlns=\"http:\/\/www.w3.org\/2000\/svg\"><path d=\"M504 256C504 119 393 8 256 8S8 119 8 256s111 248 248 248 248-111 248-248zm-448 0c0-110.5 89.5-200 200-200s200 89.5 200 200-89.5 200-200 200S56 366.5 56 256zm72 20v-40c0-6.6 5.4-12 12-12h116v-67c0-10.7 12.9-16 20.5-8.5l99 99c4.7 4.7 4.7 12.3 0 17l-99 99c-7.6 7.6-20.5 2.2-20.5-8.5v-67H140c-6.6 0-12-5.4-12-12z\"><\/path><\/svg><\/span>\n\t\t<\/span>\n\n\t\t\t\t\t\t<\/summary>\n\t\t\t\t<div role=\"region\" aria-labelledby=\"e-n-accordion-item-8844\" class=\"elementor-element elementor-element-8fd6194 e-con-full e-flex e-con e-child\" data-id=\"8fd6194\" data-element_type=\"container\">\n\t\t\t\t<div class=\"elementor-element elementor-element-833c893 elementor-widget elementor-widget-text-editor\" data-id=\"833c893\" data-element_type=\"widget\" data-widget_type=\"text-editor.default\">\n\t\t\t\t<div class=\"elementor-widget-container\">\n\t\t\t\t\t\t\t\t\t<p>El proyecto logr\u00f3 motivar una percepci\u00f3n m\u00e1s positiva del campo y la vida campesina entre los j\u00f3venes rurales, mostrando historias de resiliencia, innovaci\u00f3n y sostenibilidad.<\/p>\t\t\t\t\t\t\t\t<\/div>\n\t\t\t\t<\/div>\n\t\t\t\t<\/div>\n\t\t\t\t\t<\/details>\n\t\t\t\t\t\t<details id=\"e-n-accordion-item-8845\" class=\"e-n-accordion-item\" >\n\t\t\t\t<summary class=\"e-n-accordion-item-title\" data-accordion-index=\"6\" tabindex=\"-1\" aria-expanded=\"false\" aria-controls=\"e-n-accordion-item-8845\" >\n\t\t\t\t\t<span class='e-n-accordion-item-title-header'><div class=\"e-n-accordion-item-title-text\"> Alianzas para la sostenibilidad: <\/div><\/span>\n\t\t\t\t\t\t\t<span class='e-n-accordion-item-title-icon'>\n\t\t\t<span class='e-opened' ><svg aria-hidden=\"true\" class=\"e-font-icon-svg e-far-arrow-alt-circle-up\" viewBox=\"0 0 512 512\" xmlns=\"http:\/\/www.w3.org\/2000\/svg\"><path d=\"M256 504c137 0 248-111 248-248S393 8 256 8 8 119 8 256s111 248 248 248zm0-448c110.5 0 200 89.5 200 200s-89.5 200-200 200S56 366.5 56 256 145.5 56 256 56zm20 328h-40c-6.6 0-12-5.4-12-12V256h-67c-10.7 0-16-12.9-8.5-20.5l99-99c4.7-4.7 12.3-4.7 17 0l99 99c7.6 7.6 2.2 20.5-8.5 20.5h-67v116c0 6.6-5.4 12-12 12z\"><\/path><\/svg><\/span>\n\t\t\t<span class='e-closed'><svg aria-hidden=\"true\" class=\"e-font-icon-svg e-far-arrow-alt-circle-right\" viewBox=\"0 0 512 512\" xmlns=\"http:\/\/www.w3.org\/2000\/svg\"><path d=\"M504 256C504 119 393 8 256 8S8 119 8 256s111 248 248 248 248-111 248-248zm-448 0c0-110.5 89.5-200 200-200s200 89.5 200 200-89.5 200-200 200S56 366.5 56 256zm72 20v-40c0-6.6 5.4-12 12-12h116v-67c0-10.7 12.9-16 20.5-8.5l99 99c4.7 4.7 4.7 12.3 0 17l-99 99c-7.6 7.6-20.5 2.2-20.5-8.5v-67H140c-6.6 0-12-5.4-12-12z\"><\/path><\/svg><\/span>\n\t\t<\/span>\n\n\t\t\t\t\t\t<\/summary>\n\t\t\t\t<div role=\"region\" aria-labelledby=\"e-n-accordion-item-8845\" class=\"elementor-element elementor-element-b4d436f e-con-full e-flex e-con e-child\" data-id=\"b4d436f\" data-element_type=\"container\">\n\t\t\t\t<div class=\"elementor-element elementor-element-18a2850 elementor-widget elementor-widget-text-editor\" data-id=\"18a2850\" data-element_type=\"widget\" data-widget_type=\"text-editor.default\">\n\t\t\t\t<div class=\"elementor-widget-container\">\n\t\t\t\t\t\t\t\t\t<p>Se firmaron convenios con instituciones educativas como la IE Naranjal y se fortalecieron relaciones con organizaciones como Cofincaf\u00e9 y la Fundaci\u00f3n Carteros de la Noche, ampliando el alcance del proyecto y asegurando su continuidad.<\/p>\t\t\t\t\t\t\t\t<\/div>\n\t\t\t\t<\/div>\n\t\t\t\t<\/div>\n\t\t\t\t\t<\/details>\n\t\t\t\t\t\t<details id=\"e-n-accordion-item-8846\" class=\"e-n-accordion-item\" >\n\t\t\t\t<summary class=\"e-n-accordion-item-title\" data-accordion-index=\"7\" tabindex=\"-1\" aria-expanded=\"false\" aria-controls=\"e-n-accordion-item-8846\" >\n\t\t\t\t\t<span class='e-n-accordion-item-title-header'><div class=\"e-n-accordion-item-title-text\"> Visibilizaci\u00f3n de pr\u00e1cticas sostenibles: <\/div><\/span>\n\t\t\t\t\t\t\t<span class='e-n-accordion-item-title-icon'>\n\t\t\t<span class='e-opened' ><svg aria-hidden=\"true\" class=\"e-font-icon-svg e-far-arrow-alt-circle-up\" viewBox=\"0 0 512 512\" xmlns=\"http:\/\/www.w3.org\/2000\/svg\"><path d=\"M256 504c137 0 248-111 248-248S393 8 256 8 8 119 8 256s111 248 248 248zm0-448c110.5 0 200 89.5 200 200s-89.5 200-200 200S56 366.5 56 256 145.5 56 256 56zm20 328h-40c-6.6 0-12-5.4-12-12V256h-67c-10.7 0-16-12.9-8.5-20.5l99-99c4.7-4.7 12.3-4.7 17 0l99 99c7.6 7.6 2.2 20.5-8.5 20.5h-67v116c0 6.6-5.4 12-12 12z\"><\/path><\/svg><\/span>\n\t\t\t<span class='e-closed'><svg aria-hidden=\"true\" class=\"e-font-icon-svg e-far-arrow-alt-circle-right\" viewBox=\"0 0 512 512\" xmlns=\"http:\/\/www.w3.org\/2000\/svg\"><path d=\"M504 256C504 119 393 8 256 8S8 119 8 256s111 248 248 248 248-111 248-248zm-448 0c0-110.5 89.5-200 200-200s200 89.5 200 200-89.5 200-200 200S56 366.5 56 256zm72 20v-40c0-6.6 5.4-12 12-12h116v-67c0-10.7 12.9-16 20.5-8.5l99 99c4.7 4.7 4.7 12.3 0 17l-99 99c-7.6 7.6-20.5 2.2-20.5-8.5v-67H140c-6.6 0-12-5.4-12-12z\"><\/path><\/svg><\/span>\n\t\t<\/span>\n\n\t\t\t\t\t\t<\/summary>\n\t\t\t\t<div role=\"region\" aria-labelledby=\"e-n-accordion-item-8846\" class=\"elementor-element elementor-element-8e1ac4f e-con-full e-flex e-con e-child\" data-id=\"8e1ac4f\" data-element_type=\"container\">\n\t\t\t\t<div class=\"elementor-element elementor-element-b1a1317 elementor-widget elementor-widget-text-editor\" data-id=\"b1a1317\" data-element_type=\"widget\" data-widget_type=\"text-editor.default\">\n\t\t\t\t<div class=\"elementor-widget-container\">\n\t\t\t\t\t\t\t\t\t<p>Las narrativas audiovisuales documentadas promueven el cuidado del ecosistema, el respeto por la tierra, la importancia de la soberan\u00eda alimentaria y la urgencia de proteger los conocimientos ancestrales frente a modelos extractivistas.<\/p>\t\t\t\t\t\t\t\t<\/div>\n\t\t\t\t<\/div>\n\t\t\t\t<\/div>\n\t\t\t\t\t<\/details>\n\t\t\t\t\t<\/div>\n\t\t\t\t\t\t<\/div>\n\t\t\t\t<\/div>\n\t\t\t\t<\/div>\n\t\t<div class=\"elementor-element elementor-element-a6c95cd e-con-full e-flex e-con e-child\" data-id=\"a6c95cd\" data-element_type=\"container\">\n\t\t\t\t<div class=\"elementor-element elementor-element-686bd32 elementor-widget elementor-widget-video\" data-id=\"686bd32\" data-element_type=\"widget\" data-settings=\"{&quot;youtube_url&quot;:&quot;https:\\\/\\\/www.youtube.com\\\/watch?v=avvYGa3CWoM&amp;list=PL2zt6CeJ577Ld1yBZLsYpMgLKvRQgE0-9&amp;index=1&quot;,&quot;autoplay&quot;:&quot;yes&quot;,&quot;play_on_mobile&quot;:&quot;yes&quot;,&quot;mute&quot;:&quot;yes&quot;,&quot;video_type&quot;:&quot;youtube&quot;,&quot;controls&quot;:&quot;yes&quot;}\" data-widget_type=\"video.default\">\n\t\t\t\t<div class=\"elementor-widget-container\">\n\t\t\t\t\t\t\t<div class=\"elementor-wrapper elementor-open-inline\">\n\t\t\t<div class=\"elementor-video\"><\/div>\t\t<\/div>\n\t\t\t\t\t\t<\/div>\n\t\t\t\t<\/div>\n\t\t\t\t<\/div>\n\t\t\t\t\t<\/div>\n\t\t\t\t<\/div>\n\t\t<div class=\"elementor-element elementor-element-0464bf9 e-flex e-con-boxed e-con e-parent\" data-id=\"0464bf9\" data-element_type=\"container\">\n\t\t\t\t\t<div class=\"e-con-inner\">\n\t\t<div class=\"elementor-element elementor-element-205d6ca e-con-full e-flex e-con e-child\" data-id=\"205d6ca\" data-element_type=\"container\">\n\t\t\t\t<div class=\"elementor-element elementor-element-c423866 gallery-spacing-custom elementor-widget elementor-widget-image-gallery\" data-id=\"c423866\" data-element_type=\"widget\" data-widget_type=\"image-gallery.default\">\n\t\t\t\t<div class=\"elementor-widget-container\">\n\t\t\t\t\t\t\t<div class=\"elementor-image-gallery\">\n\t\t\t<div id='gallery-1' class='gallery galleryid-2542 gallery-columns-2 gallery-size-thumbnail'><figure class='gallery-item'>\n\t\t\t<div class='gallery-icon landscape'>\n\t\t\t\t<a data-elementor-open-lightbox=\"yes\" data-elementor-lightbox-slideshow=\"c423866\" data-elementor-lightbox-title=\"Entrevistas 01\" data-e-action-hash=\"#elementor-action%3Aaction%3Dlightbox%26settings%3DeyJpZCI6MjcyNCwidXJsIjoiaHR0cHM6XC9cL21hbmRhbGFxdWltYmF5YS5vcmdcL3dwLWNvbnRlbnRcL3VwbG9hZHNcLzIwMjVcLzA1XC9FbnRyZXZpc3Rhcy0wMS5qcGciLCJzbGlkZXNob3ciOiJjNDIzODY2In0%3D\" href='https:\/\/mandalaquimbaya.org\/wp-content\/uploads\/2025\/05\/Entrevistas-01.jpg'><img loading=\"lazy\" decoding=\"async\" width=\"150\" height=\"150\" src=\"https:\/\/mandalaquimbaya.org\/wp-content\/uploads\/2025\/05\/Entrevistas-01-150x150.jpg\" class=\"attachment-thumbnail size-thumbnail\" alt=\"\" \/><\/a>\n\t\t\t<\/div><\/figure><figure class='gallery-item'>\n\t\t\t<div class='gallery-icon landscape'>\n\t\t\t\t<a data-elementor-open-lightbox=\"yes\" data-elementor-lightbox-slideshow=\"c423866\" data-elementor-lightbox-title=\"Entrevistas 02\" data-e-action-hash=\"#elementor-action%3Aaction%3Dlightbox%26settings%3DeyJpZCI6MjcyNSwidXJsIjoiaHR0cHM6XC9cL21hbmRhbGFxdWltYmF5YS5vcmdcL3dwLWNvbnRlbnRcL3VwbG9hZHNcLzIwMjVcLzA1XC9FbnRyZXZpc3Rhcy0wMi5qcGciLCJzbGlkZXNob3ciOiJjNDIzODY2In0%3D\" href='https:\/\/mandalaquimbaya.org\/wp-content\/uploads\/2025\/05\/Entrevistas-02.jpg'><img loading=\"lazy\" decoding=\"async\" width=\"150\" height=\"150\" src=\"https:\/\/mandalaquimbaya.org\/wp-content\/uploads\/2025\/05\/Entrevistas-02-150x150.jpg\" class=\"attachment-thumbnail size-thumbnail\" alt=\"\" \/><\/a>\n\t\t\t<\/div><\/figure><figure class='gallery-item'>\n\t\t\t<div class='gallery-icon landscape'>\n\t\t\t\t<a data-elementor-open-lightbox=\"yes\" data-elementor-lightbox-slideshow=\"c423866\" data-elementor-lightbox-title=\"Entrevistas 03\" data-e-action-hash=\"#elementor-action%3Aaction%3Dlightbox%26settings%3DeyJpZCI6MjcyNiwidXJsIjoiaHR0cHM6XC9cL21hbmRhbGFxdWltYmF5YS5vcmdcL3dwLWNvbnRlbnRcL3VwbG9hZHNcLzIwMjVcLzA1XC9FbnRyZXZpc3Rhcy0wMy5qcGciLCJzbGlkZXNob3ciOiJjNDIzODY2In0%3D\" href='https:\/\/mandalaquimbaya.org\/wp-content\/uploads\/2025\/05\/Entrevistas-03.jpg'><img loading=\"lazy\" decoding=\"async\" width=\"150\" height=\"150\" src=\"https:\/\/mandalaquimbaya.org\/wp-content\/uploads\/2025\/05\/Entrevistas-03-150x150.jpg\" class=\"attachment-thumbnail size-thumbnail\" alt=\"\" \/><\/a>\n\t\t\t<\/div><\/figure><figure class='gallery-item'>\n\t\t\t<div class='gallery-icon landscape'>\n\t\t\t\t<a data-elementor-open-lightbox=\"yes\" data-elementor-lightbox-slideshow=\"c423866\" data-elementor-lightbox-title=\"Entrevistas 04\" data-e-action-hash=\"#elementor-action%3Aaction%3Dlightbox%26settings%3DeyJpZCI6MjcyNywidXJsIjoiaHR0cHM6XC9cL21hbmRhbGFxdWltYmF5YS5vcmdcL3dwLWNvbnRlbnRcL3VwbG9hZHNcLzIwMjVcLzA1XC9FbnRyZXZpc3Rhcy0wNC5qcGciLCJzbGlkZXNob3ciOiJjNDIzODY2In0%3D\" href='https:\/\/mandalaquimbaya.org\/wp-content\/uploads\/2025\/05\/Entrevistas-04.jpg'><img loading=\"lazy\" decoding=\"async\" width=\"150\" height=\"150\" src=\"https:\/\/mandalaquimbaya.org\/wp-content\/uploads\/2025\/05\/Entrevistas-04-150x150.jpg\" class=\"attachment-thumbnail size-thumbnail\" alt=\"\" \/><\/a>\n\t\t\t<\/div><\/figure>\n\t\t<\/div>\n\t\t<\/div>\n\t\t\t\t\t\t<\/div>\n\t\t\t\t<\/div>\n\t\t\t\t<div class=\"elementor-element elementor-element-8015443 elementor-widget elementor-widget-text-editor\" data-id=\"8015443\" data-element_type=\"widget\" data-widget_type=\"text-editor.default\">\n\t\t\t\t<div class=\"elementor-widget-container\">\n\t\t\t\t\t\t\t\t\t<p><strong>Entrevistas a sabedores<\/strong><\/p>\t\t\t\t\t\t\t\t<\/div>\n\t\t\t\t<\/div>\n\t\t\t\t<\/div>\n\t\t<div class=\"elementor-element elementor-element-1799e28 e-con-full e-flex e-con e-child\" data-id=\"1799e28\" data-element_type=\"container\">\n\t\t\t\t<div class=\"elementor-element elementor-element-ea89136 gallery-spacing-custom elementor-widget elementor-widget-image-gallery\" data-id=\"ea89136\" data-element_type=\"widget\" data-widget_type=\"image-gallery.default\">\n\t\t\t\t<div class=\"elementor-widget-container\">\n\t\t\t\t\t\t\t<div class=\"elementor-image-gallery\">\n\t\t\t<div id='gallery-2' class='gallery galleryid-2542 gallery-columns-2 gallery-size-thumbnail'><figure class='gallery-item'>\n\t\t\t<div class='gallery-icon portrait'>\n\t\t\t\t<a data-elementor-open-lightbox=\"yes\" data-elementor-lightbox-slideshow=\"ea89136\" data-elementor-lightbox-title=\"Filmaci\u00f3n 01\" data-e-action-hash=\"#elementor-action%3Aaction%3Dlightbox%26settings%3DeyJpZCI6MjczMSwidXJsIjoiaHR0cHM6XC9cL21hbmRhbGFxdWltYmF5YS5vcmdcL3dwLWNvbnRlbnRcL3VwbG9hZHNcLzIwMjVcLzA1XC9GaWxtYWNpb24tMDEuanBnIiwic2xpZGVzaG93IjoiZWE4OTEzNiJ9\" href='https:\/\/mandalaquimbaya.org\/wp-content\/uploads\/2025\/05\/Filmacion-01.jpg'><img loading=\"lazy\" decoding=\"async\" width=\"150\" height=\"150\" src=\"https:\/\/mandalaquimbaya.org\/wp-content\/uploads\/2025\/05\/Filmacion-01-150x150.jpg\" class=\"attachment-thumbnail size-thumbnail\" alt=\"\" \/><\/a>\n\t\t\t<\/div><\/figure><figure class='gallery-item'>\n\t\t\t<div class='gallery-icon portrait'>\n\t\t\t\t<a data-elementor-open-lightbox=\"yes\" data-elementor-lightbox-slideshow=\"ea89136\" data-elementor-lightbox-title=\"Filmaci\u00f3n 02\" data-e-action-hash=\"#elementor-action%3Aaction%3Dlightbox%26settings%3DeyJpZCI6MjczMiwidXJsIjoiaHR0cHM6XC9cL21hbmRhbGFxdWltYmF5YS5vcmdcL3dwLWNvbnRlbnRcL3VwbG9hZHNcLzIwMjVcLzA1XC9GaWxtYWNpb24tMDIuanBnIiwic2xpZGVzaG93IjoiZWE4OTEzNiJ9\" href='https:\/\/mandalaquimbaya.org\/wp-content\/uploads\/2025\/05\/Filmacion-02.jpg'><img loading=\"lazy\" decoding=\"async\" width=\"150\" height=\"150\" src=\"https:\/\/mandalaquimbaya.org\/wp-content\/uploads\/2025\/05\/Filmacion-02-150x150.jpg\" class=\"attachment-thumbnail size-thumbnail\" alt=\"\" \/><\/a>\n\t\t\t<\/div><\/figure><figure class='gallery-item'>\n\t\t\t<div class='gallery-icon landscape'>\n\t\t\t\t<a data-elementor-open-lightbox=\"yes\" data-elementor-lightbox-slideshow=\"ea89136\" data-elementor-lightbox-title=\"Filmaci\u00f3n 03\" data-e-action-hash=\"#elementor-action%3Aaction%3Dlightbox%26settings%3DeyJpZCI6MjczMywidXJsIjoiaHR0cHM6XC9cL21hbmRhbGFxdWltYmF5YS5vcmdcL3dwLWNvbnRlbnRcL3VwbG9hZHNcLzIwMjVcLzA1XC9GaWxtYWNpb24tMDMuanBnIiwic2xpZGVzaG93IjoiZWE4OTEzNiJ9\" href='https:\/\/mandalaquimbaya.org\/wp-content\/uploads\/2025\/05\/Filmacion-03.jpg'><img loading=\"lazy\" decoding=\"async\" width=\"150\" height=\"150\" src=\"https:\/\/mandalaquimbaya.org\/wp-content\/uploads\/2025\/05\/Filmacion-03-150x150.jpg\" class=\"attachment-thumbnail size-thumbnail\" alt=\"\" \/><\/a>\n\t\t\t<\/div><\/figure><figure class='gallery-item'>\n\t\t\t<div class='gallery-icon portrait'>\n\t\t\t\t<a data-elementor-open-lightbox=\"yes\" data-elementor-lightbox-slideshow=\"ea89136\" data-elementor-lightbox-title=\"Filmaci\u00f3n 04\" data-e-action-hash=\"#elementor-action%3Aaction%3Dlightbox%26settings%3DeyJpZCI6MjczNCwidXJsIjoiaHR0cHM6XC9cL21hbmRhbGFxdWltYmF5YS5vcmdcL3dwLWNvbnRlbnRcL3VwbG9hZHNcLzIwMjVcLzA1XC9GaWxtYWNpb24tMDQuanBnIiwic2xpZGVzaG93IjoiZWE4OTEzNiJ9\" href='https:\/\/mandalaquimbaya.org\/wp-content\/uploads\/2025\/05\/Filmacion-04.jpg'><img loading=\"lazy\" decoding=\"async\" width=\"150\" height=\"150\" src=\"https:\/\/mandalaquimbaya.org\/wp-content\/uploads\/2025\/05\/Filmacion-04-150x150.jpg\" class=\"attachment-thumbnail size-thumbnail\" alt=\"\" \/><\/a>\n\t\t\t<\/div><\/figure>\n\t\t<\/div>\n\t\t<\/div>\n\t\t\t\t\t\t<\/div>\n\t\t\t\t<\/div>\n\t\t\t\t<div class=\"elementor-element elementor-element-096292e elementor-widget elementor-widget-text-editor\" data-id=\"096292e\" data-element_type=\"widget\" data-widget_type=\"text-editor.default\">\n\t\t\t\t<div class=\"elementor-widget-container\">\n\t\t\t\t\t\t\t\t\t<p><strong>Filmaci\u00f3n<\/strong><\/p>\t\t\t\t\t\t\t\t<\/div>\n\t\t\t\t<\/div>\n\t\t\t\t<\/div>\n\t\t<div class=\"elementor-element elementor-element-7ea7d69 e-con-full e-flex e-con e-child\" data-id=\"7ea7d69\" data-element_type=\"container\">\n\t\t\t\t<div class=\"elementor-element elementor-element-e842d27 gallery-spacing-custom elementor-widget elementor-widget-image-gallery\" data-id=\"e842d27\" data-element_type=\"widget\" data-widget_type=\"image-gallery.default\">\n\t\t\t\t<div class=\"elementor-widget-container\">\n\t\t\t\t\t\t\t<div class=\"elementor-image-gallery\">\n\t\t\t<div id='gallery-3' class='gallery galleryid-2542 gallery-columns-2 gallery-size-thumbnail'><figure class='gallery-item'>\n\t\t\t<div class='gallery-icon landscape'>\n\t\t\t\t<a data-elementor-open-lightbox=\"yes\" data-elementor-lightbox-slideshow=\"e842d27\" data-elementor-lightbox-title=\"Evento 01\" data-e-action-hash=\"#elementor-action%3Aaction%3Dlightbox%26settings%3DeyJpZCI6MjczOCwidXJsIjoiaHR0cHM6XC9cL21hbmRhbGFxdWltYmF5YS5vcmdcL3dwLWNvbnRlbnRcL3VwbG9hZHNcLzIwMjVcLzA1XC9FdmVudG8tMDEuanBnIiwic2xpZGVzaG93IjoiZTg0MmQyNyJ9\" href='https:\/\/mandalaquimbaya.org\/wp-content\/uploads\/2025\/05\/Evento-01.jpg'><img loading=\"lazy\" decoding=\"async\" width=\"150\" height=\"150\" src=\"https:\/\/mandalaquimbaya.org\/wp-content\/uploads\/2025\/05\/Evento-01-150x150.jpg\" class=\"attachment-thumbnail size-thumbnail\" alt=\"\" \/><\/a>\n\t\t\t<\/div><\/figure><figure class='gallery-item'>\n\t\t\t<div class='gallery-icon portrait'>\n\t\t\t\t<a data-elementor-open-lightbox=\"yes\" data-elementor-lightbox-slideshow=\"e842d27\" data-elementor-lightbox-title=\"Evento 02\" data-e-action-hash=\"#elementor-action%3Aaction%3Dlightbox%26settings%3DeyJpZCI6MjczOSwidXJsIjoiaHR0cHM6XC9cL21hbmRhbGFxdWltYmF5YS5vcmdcL3dwLWNvbnRlbnRcL3VwbG9hZHNcLzIwMjVcLzA1XC9FdmVudG8tMDIuanBnIiwic2xpZGVzaG93IjoiZTg0MmQyNyJ9\" href='https:\/\/mandalaquimbaya.org\/wp-content\/uploads\/2025\/05\/Evento-02.jpg'><img loading=\"lazy\" decoding=\"async\" width=\"150\" height=\"150\" src=\"https:\/\/mandalaquimbaya.org\/wp-content\/uploads\/2025\/05\/Evento-02-150x150.jpg\" class=\"attachment-thumbnail size-thumbnail\" alt=\"\" \/><\/a>\n\t\t\t<\/div><\/figure><figure class='gallery-item'>\n\t\t\t<div class='gallery-icon landscape'>\n\t\t\t\t<a data-elementor-open-lightbox=\"yes\" data-elementor-lightbox-slideshow=\"e842d27\" data-elementor-lightbox-title=\"Evento 03\" data-e-action-hash=\"#elementor-action%3Aaction%3Dlightbox%26settings%3DeyJpZCI6Mjc0MCwidXJsIjoiaHR0cHM6XC9cL21hbmRhbGFxdWltYmF5YS5vcmdcL3dwLWNvbnRlbnRcL3VwbG9hZHNcLzIwMjVcLzA1XC9FdmVudG8tMDMuanBnIiwic2xpZGVzaG93IjoiZTg0MmQyNyJ9\" href='https:\/\/mandalaquimbaya.org\/wp-content\/uploads\/2025\/05\/Evento-03.jpg'><img loading=\"lazy\" decoding=\"async\" width=\"150\" height=\"150\" src=\"https:\/\/mandalaquimbaya.org\/wp-content\/uploads\/2025\/05\/Evento-03-150x150.jpg\" class=\"attachment-thumbnail size-thumbnail\" alt=\"\" \/><\/a>\n\t\t\t<\/div><\/figure><figure class='gallery-item'>\n\t\t\t<div class='gallery-icon landscape'>\n\t\t\t\t<a data-elementor-open-lightbox=\"yes\" data-elementor-lightbox-slideshow=\"e842d27\" data-elementor-lightbox-title=\"Evento 04\" data-e-action-hash=\"#elementor-action%3Aaction%3Dlightbox%26settings%3DeyJpZCI6Mjc0MSwidXJsIjoiaHR0cHM6XC9cL21hbmRhbGFxdWltYmF5YS5vcmdcL3dwLWNvbnRlbnRcL3VwbG9hZHNcLzIwMjVcLzA1XC9FdmVudG8tMDQuanBnIiwic2xpZGVzaG93IjoiZTg0MmQyNyJ9\" href='https:\/\/mandalaquimbaya.org\/wp-content\/uploads\/2025\/05\/Evento-04.jpg'><img loading=\"lazy\" decoding=\"async\" width=\"150\" height=\"150\" src=\"https:\/\/mandalaquimbaya.org\/wp-content\/uploads\/2025\/05\/Evento-04-150x150.jpg\" class=\"attachment-thumbnail size-thumbnail\" alt=\"\" srcset=\"https:\/\/mandalaquimbaya.org\/wp-content\/uploads\/2025\/05\/Evento-04-150x150.jpg 150w, https:\/\/mandalaquimbaya.org\/wp-content\/uploads\/2025\/05\/Evento-04-300x300.jpg 300w, https:\/\/mandalaquimbaya.org\/wp-content\/uploads\/2025\/05\/Evento-04-768x768.jpg 768w, https:\/\/mandalaquimbaya.org\/wp-content\/uploads\/2025\/05\/Evento-04.jpg 800w\" sizes=\"(max-width: 150px) 100vw, 150px\" \/><\/a>\n\t\t\t<\/div><\/figure>\n\t\t<\/div>\n\t\t<\/div>\n\t\t\t\t\t\t<\/div>\n\t\t\t\t<\/div>\n\t\t\t\t<div class=\"elementor-element elementor-element-4f5f6c6 elementor-widget elementor-widget-text-editor\" data-id=\"4f5f6c6\" data-element_type=\"widget\" data-widget_type=\"text-editor.default\">\n\t\t\t\t<div class=\"elementor-widget-container\">\n\t\t\t\t\t\t\t\t\t<p><strong>Evento socializaci\u00f3n<\/strong><\/p>\t\t\t\t\t\t\t\t<\/div>\n\t\t\t\t<\/div>\n\t\t\t\t<\/div>\n\t\t\t\t\t<\/div>\n\t\t\t\t<\/div>\n\t\t<div class=\"elementor-element elementor-element-1c58f45 e-flex e-con-boxed e-con e-parent\" data-id=\"1c58f45\" data-element_type=\"container\" data-settings=\"{&quot;background_background&quot;:&quot;classic&quot;}\">\n\t\t\t\t\t<div class=\"e-con-inner\">\n\t\t<div class=\"elementor-element elementor-element-b425301 e-con-full e-flex e-con e-child\" data-id=\"b425301\" data-element_type=\"container\">\n\t\t\t\t<div class=\"elementor-element elementor-element-1eefbbf elementor-widget elementor-widget-heading\" data-id=\"1eefbbf\" data-element_type=\"widget\" data-widget_type=\"heading.default\">\n\t\t\t\t<div class=\"elementor-widget-container\">\n\t\t\t\t\t<h2 class=\"elementor-heading-title elementor-size-default\">Testimonios que Conectan: La Magia de Vivir en Mandala Quimbaya<\/h2>\t\t\t\t<\/div>\n\t\t\t\t<\/div>\n\t\t\t\t<div class=\"elementor-element elementor-element-3ab779f elementor-widget elementor-widget-video\" data-id=\"3ab779f\" data-element_type=\"widget\" data-settings=\"{&quot;video_type&quot;:&quot;hosted&quot;,&quot;controls&quot;:&quot;yes&quot;}\" data-widget_type=\"video.default\">\n\t\t\t\t<div class=\"elementor-widget-container\">\n\t\t\t\t\t\t\t<div class=\"e-hosted-video elementor-wrapper elementor-open-inline\">\n\t\t\t\t\t<video class=\"elementor-video\" src=\"https:\/\/mandalaquimbaya.org\/wp-content\/uploads\/2025\/05\/Video-socisalizacion.mp4\" controls=\"\" preload=\"metadata\" controlsList=\"nodownload\"><\/video>\n\t\t\t\t<\/div>\n\t\t\t\t\t\t<\/div>\n\t\t\t\t<\/div>\n\t\t\t\t<\/div>\n\t\t<div class=\"elementor-element elementor-element-521c05f e-con-full e-flex e-con e-child\" data-id=\"521c05f\" data-element_type=\"container\">\n\t\t\t\t<div class=\"elementor-element elementor-element-c9d7297 elementor-widget elementor-widget-text-editor\" data-id=\"c9d7297\" data-element_type=\"widget\" data-widget_type=\"text-editor.default\">\n\t\t\t\t<div class=\"elementor-widget-container\">\n\t\t\t\t\t\t\t\t\t<p>Convi\u00e9rtete en el aliado que hace posible que las nuevas generaciones aprendan a proteger el campo\u2026 en su propio territorio. Cont\u00e1ctanos para conocer c\u00f3mo.<\/p>\t\t\t\t\t\t\t\t<\/div>\n\t\t\t\t<\/div>\n\t\t\t\t<div class=\"elementor-element elementor-element-0fcea64 elementor-shape-circle elementor-grid-3 e-grid-align-center elementor-widget elementor-widget-social-icons\" data-id=\"0fcea64\" data-element_type=\"widget\" data-widget_type=\"social-icons.default\">\n\t\t\t\t<div class=\"elementor-widget-container\">\n\t\t\t\t\t\t\t<div class=\"elementor-social-icons-wrapper elementor-grid\" role=\"list\">\n\t\t\t\t\t\t\t<span class=\"elementor-grid-item\" role=\"listitem\">\n\t\t\t\t\t<a class=\"elementor-icon elementor-social-icon elementor-social-icon-facebook elementor-repeater-item-abec9be\" href=\"https:\/\/www.facebook.com\/Corp.Mandala.Quimbaya\" target=\"_blank\">\n\t\t\t\t\t\t<span class=\"elementor-screen-only\">Facebook<\/span>\n\t\t\t\t\t\t<svg class=\"e-font-icon-svg e-fab-facebook\" viewBox=\"0 0 512 512\" xmlns=\"http:\/\/www.w3.org\/2000\/svg\"><path d=\"M504 256C504 119 393 8 256 8S8 119 8 256c0 123.78 90.69 226.38 209.25 245V327.69h-63V256h63v-54.64c0-62.15 37-96.48 93.67-96.48 27.14 0 55.52 4.84 55.52 4.84v61h-31.28c-30.8 0-40.41 19.12-40.41 38.73V256h68.78l-11 71.69h-57.78V501C413.31 482.38 504 379.78 504 256z\"><\/path><\/svg>\t\t\t\t\t<\/a>\n\t\t\t\t<\/span>\n\t\t\t\t\t\t\t<span class=\"elementor-grid-item\" role=\"listitem\">\n\t\t\t\t\t<a class=\"elementor-icon elementor-social-icon elementor-social-icon-instagram elementor-repeater-item-2f10a71\" href=\"https:\/\/www.instagram.com\/mandala_quimbaya\/\" target=\"_blank\">\n\t\t\t\t\t\t<span class=\"elementor-screen-only\">Instagram<\/span>\n\t\t\t\t\t\t<svg class=\"e-font-icon-svg e-fab-instagram\" viewBox=\"0 0 448 512\" xmlns=\"http:\/\/www.w3.org\/2000\/svg\"><path d=\"M224.1 141c-63.6 0-114.9 51.3-114.9 114.9s51.3 114.9 114.9 114.9S339 319.5 339 255.9 287.7 141 224.1 141zm0 189.6c-41.1 0-74.7-33.5-74.7-74.7s33.5-74.7 74.7-74.7 74.7 33.5 74.7 74.7-33.6 74.7-74.7 74.7zm146.4-194.3c0 14.9-12 26.8-26.8 26.8-14.9 0-26.8-12-26.8-26.8s12-26.8 26.8-26.8 26.8 12 26.8 26.8zm76.1 27.2c-1.7-35.9-9.9-67.7-36.2-93.9-26.2-26.2-58-34.4-93.9-36.2-37-2.1-147.9-2.1-184.9 0-35.8 1.7-67.6 9.9-93.9 36.1s-34.4 58-36.2 93.9c-2.1 37-2.1 147.9 0 184.9 1.7 35.9 9.9 67.7 36.2 93.9s58 34.4 93.9 36.2c37 2.1 147.9 2.1 184.9 0 35.9-1.7 67.7-9.9 93.9-36.2 26.2-26.2 34.4-58 36.2-93.9 2.1-37 2.1-147.8 0-184.8zM398.8 388c-7.8 19.6-22.9 34.7-42.6 42.6-29.5 11.7-99.5 9-132.1 9s-102.7 2.6-132.1-9c-19.6-7.8-34.7-22.9-42.6-42.6-11.7-29.5-9-99.5-9-132.1s-2.6-102.7 9-132.1c7.8-19.6 22.9-34.7 42.6-42.6 29.5-11.7 99.5-9 132.1-9s102.7-2.6 132.1 9c19.6 7.8 34.7 22.9 42.6 42.6 11.7 29.5 9 99.5 9 132.1s2.7 102.7-9 132.1z\"><\/path><\/svg>\t\t\t\t\t<\/a>\n\t\t\t\t<\/span>\n\t\t\t\t\t\t\t<span class=\"elementor-grid-item\" role=\"listitem\">\n\t\t\t\t\t<a class=\"elementor-icon elementor-social-icon elementor-social-icon-youtube elementor-repeater-item-d49b4aa\" href=\"https:\/\/www.youtube.com\/@corporacionmandalaquimbaya9892\" target=\"_blank\">\n\t\t\t\t\t\t<span class=\"elementor-screen-only\">Youtube<\/span>\n\t\t\t\t\t\t<svg class=\"e-font-icon-svg e-fab-youtube\" viewBox=\"0 0 576 512\" xmlns=\"http:\/\/www.w3.org\/2000\/svg\"><path d=\"M549.655 124.083c-6.281-23.65-24.787-42.276-48.284-48.597C458.781 64 288 64 288 64S117.22 64 74.629 75.486c-23.497 6.322-42.003 24.947-48.284 48.597-11.412 42.867-11.412 132.305-11.412 132.305s0 89.438 11.412 132.305c6.281 23.65 24.787 41.5 48.284 47.821C117.22 448 288 448 288 448s170.78 0 213.371-11.486c23.497-6.321 42.003-24.171 48.284-47.821 11.412-42.867 11.412-132.305 11.412-132.305s0-89.438-11.412-132.305zm-317.51 213.508V175.185l142.739 81.205-142.739 81.201z\"><\/path><\/svg>\t\t\t\t\t<\/a>\n\t\t\t\t<\/span>\n\t\t\t\t\t<\/div>\n\t\t\t\t\t\t<\/div>\n\t\t\t\t<\/div>\n\t\t\t\t<div class=\"elementor-element elementor-element-5df5de6 elementor-widget elementor-widget-text-editor\" data-id=\"5df5de6\" data-element_type=\"widget\" data-widget_type=\"text-editor.default\">\n\t\t\t\t<div class=\"elementor-widget-container\">\n\t\t\t\t\t\t\t\t\t<p><b>Contacto institucional:<\/b><span style=\"font-weight: 400;\"><br \/>\ud83d\udce7<\/span><span style=\"font-weight: 400;\"> contacto@mandalaquimbaya.org<\/span><span style=\"font-weight: 400;\"><br \/>\ud83d\udcde<\/span><span style=\"font-weight: 400;\"> +57 300 616 9463<\/span><\/p>\t\t\t\t\t\t\t\t<\/div>\n\t\t\t\t<\/div>\n\t\t\t\t<\/div>\n\t\t\t\t\t<\/div>\n\t\t\t\t<\/div>\n\t\t\t\t<\/div>\n\t\t","protected":false},"excerpt":{"rendered":"<p>Nos propusimos conectar generaciones de saberes campesinos con j\u00f3venes del campo, utilizando nuevas herramientas que promuevan el desarrollo sostenible.<\/p>\n","protected":false},"author":1,"featured_media":0,"parent":0,"menu_order":0,"comment_status":"closed","ping_status":"closed","template":"elementor_header_footer","meta":{"_monsterinsights_skip_tracking":false,"_monsterinsights_sitenote_active":false,"_monsterinsights_sitenote_note":"","_monsterinsights_sitenote_category":0,"footnotes":""},"class_list":["post-2542","page","type-page","status-publish","hentry"],"blocksy_meta":[],"_links":{"self":[{"href":"https:\/\/mandalaquimbaya.org\/index.php\/wp-json\/wp\/v2\/pages\/2542","targetHints":{"allow":["GET"]}}],"collection":[{"href":"https:\/\/mandalaquimbaya.org\/index.php\/wp-json\/wp\/v2\/pages"}],"about":[{"href":"https:\/\/mandalaquimbaya.org\/index.php\/wp-json\/wp\/v2\/types\/page"}],"author":[{"embeddable":true,"href":"https:\/\/mandalaquimbaya.org\/index.php\/wp-json\/wp\/v2\/users\/1"}],"replies":[{"embeddable":true,"href":"https:\/\/mandalaquimbaya.org\/index.php\/wp-json\/wp\/v2\/comments?post=2542"}],"version-history":[{"count":157,"href":"https:\/\/mandalaquimbaya.org\/index.php\/wp-json\/wp\/v2\/pages\/2542\/revisions"}],"predecessor-version":[{"id":2751,"href":"https:\/\/mandalaquimbaya.org\/index.php\/wp-json\/wp\/v2\/pages\/2542\/revisions\/2751"}],"wp:attachment":[{"href":"https:\/\/mandalaquimbaya.org\/index.php\/wp-json\/wp\/v2\/media?parent=2542"}],"curies":[{"name":"wp","href":"https:\/\/api.w.org\/{rel}","templated":true}]}}